{"version":"1.0","provider_name":"Silja Ker\u00e4nen","provider_url":"https:\/\/siljakeranen.fi\/blogi","author_name":"Silja","author_url":"https:\/\/siljakeranen.fi\/blogi\/author\/admin\/","title":"Ehdolla puoluevaltuuskunnan puheenjohtajaksi - Silja Ker\u00e4nen","type":"rich","width":600,"height":338,"html":"<blockquote class=\"wp-embedded-content\" data-secret=\"Ie2EF0Ds5y\"><a href=\"https:\/\/siljakeranen.fi\/blogi\/ehdolla-puoluevaltuuskunnan-puheenjohtajaksi\/\">Ehdolla puoluevaltuuskunnan puheenjohtajaksi<\/a><\/blockquote><iframe sandbox=\"allow-scripts\" security=\"restricted\" src=\"https:\/\/siljakeranen.fi\/blogi\/ehdolla-puoluevaltuuskunnan-puheenjohtajaksi\/embed\/#?secret=Ie2EF0Ds5y\" width=\"600\" height=\"338\" title=\"&#8221;Ehdolla puoluevaltuuskunnan puheenjohtajaksi&#8221; &#8212; Silja Ker\u00e4nen\" data-secret=\"Ie2EF0Ds5y\" frameborder=\"0\" marginwidth=\"0\" marginheight=\"0\" scrolling=\"no\" class=\"wp-embedded-content\"><\/iframe><script type=\"text\/javascript\">\n\/* <![CDATA[ *\/\n\/*! This file is auto-generated *\/\n!function(d,l){\"use strict\";l.querySelector&&d.addEventListener&&\"undefined\"!=typeof URL&&(d.wp=d.wp||{},d.wp.receiveEmbedMessage||(d.wp.receiveEmbedMessage=function(e){var t=e.data;if((t||t.secret||t.message||t.value)&&!\/[^a-zA-Z0-9]\/.test(t.secret)){for(var s,r,n,a=l.querySelectorAll('iframe[data-secret=\"'+t.secret+'\"]'),o=l.querySelectorAll('blockquote[data-secret=\"'+t.secret+'\"]'),c=new RegExp(\"^https?:$\",\"i\"),i=0;i<o.length;i++)o[i].style.display=\"none\";for(i=0;i<a.length;i++)s=a[i],e.source===s.contentWindow&&(s.removeAttribute(\"style\"),\"height\"===t.message?(1e3<(r=parseInt(t.value,10))?r=1e3:~~r<200&&(r=200),s.height=r):\"link\"===t.message&&(r=new URL(s.getAttribute(\"src\")),n=new URL(t.value),c.test(n.protocol))&&n.host===r.host&&l.activeElement===s&&(d.top.location.href=t.value))}},d.addEventListener(\"message\",d.wp.receiveEmbedMessage,!1),l.addEventListener(\"DOMContentLoaded\",function(){for(var e,t,s=l.querySelectorAll(\"iframe.wp-embedded-content\"),r=0;r<s.length;r++)(t=(e=s[r]).getAttribute(\"data-secret\"))||(t=Math.random().toString(36).substring(2,12),e.src+=\"#?secret=\"+t,e.setAttribute(\"data-secret\",t)),e.contentWindow.postMessage({message:\"ready\",secret:t},\"*\")},!1)))}(window,document);\n\/\/# sourceURL=https:\/\/siljakeranen.fi\/blogi\/wp-includes\/js\/wp-embed.min.js\n\/* ]]> *\/\n<\/script>\n","thumbnail_url":"https:\/\/siljakeranen.fi\/blogi\/wp-content\/uploads\/2019\/02\/Silja-Keranen-160916.jpg","thumbnail_width":916,"thumbnail_height":890,"description":"Olen ehdolla Vihreiden puoluevaltuuskunnan puheenjohtajaksi, koska maailma ei ole viel\u00e4 valmis. Meit\u00e4 vihreit\u00e4 tarvitaan edelleen. Oikeastaan enemm\u00e4n kuin aiemmin. Ilmastonmuutoksen hillinn\u00e4n kannalta nyt elet\u00e4\u00e4n kriittisi\u00e4 vuosia. Populismin nousu kertoo monen tavallisen ihmisen h\u00e4d\u00e4st\u00e4, pelosta ja osattomuudesta. Meid\u00e4n on kyett\u00e4v\u00e4 vastaamaan n\u00e4ihin haasteisiin. Puoluevaltuuskunnalla on t\u00e4ss\u00e4 iso rooli. Se on vihreiden ylin p\u00e4\u00e4t\u00f6ksentekij\u00e4 puoluekokousten v\u00e4lill\u00e4. Valtuuskunta [&hellip;]"}