{"version":"1.0","provider_name":"Silja Ker\u00e4nen","provider_url":"https:\/\/siljakeranen.fi\/blogi","author_name":"Silja","author_url":"https:\/\/siljakeranen.fi\/blogi\/author\/admin\/","title":"Maahanmuuttoa ja ty\u00f6per\u00e4ist\u00e4 maahanmuuttoa - Silja Ker\u00e4nen","type":"rich","width":600,"height":338,"html":"<blockquote class=\"wp-embedded-content\" data-secret=\"xQhw0HsVct\"><a href=\"https:\/\/siljakeranen.fi\/blogi\/maahanmuuttoa-ja-tyoperaista-maahanmuuttoa\/\">Maahanmuuttoa ja ty\u00f6per\u00e4ist\u00e4 maahanmuuttoa<\/a><\/blockquote><iframe sandbox=\"allow-scripts\" security=\"restricted\" src=\"https:\/\/siljakeranen.fi\/blogi\/maahanmuuttoa-ja-tyoperaista-maahanmuuttoa\/embed\/#?secret=xQhw0HsVct\" width=\"600\" height=\"338\" title=\"&#8221;Maahanmuuttoa ja ty\u00f6per\u00e4ist\u00e4 maahanmuuttoa&#8221; &#8212; Silja Ker\u00e4nen\" data-secret=\"xQhw0HsVct\" frameborder=\"0\" marginwidth=\"0\" marginheight=\"0\" scrolling=\"no\" class=\"wp-embedded-content\"><\/iframe><script type=\"text\/javascript\">\n\/* <![CDATA[ *\/\n\/*! This file is auto-generated *\/\n!function(d,l){\"use strict\";l.querySelector&&d.addEventListener&&\"undefined\"!=typeof URL&&(d.wp=d.wp||{},d.wp.receiveEmbedMessage||(d.wp.receiveEmbedMessage=function(e){var t=e.data;if((t||t.secret||t.message||t.value)&&!\/[^a-zA-Z0-9]\/.test(t.secret)){for(var s,r,n,a=l.querySelectorAll('iframe[data-secret=\"'+t.secret+'\"]'),o=l.querySelectorAll('blockquote[data-secret=\"'+t.secret+'\"]'),c=new RegExp(\"^https?:$\",\"i\"),i=0;i<o.length;i++)o[i].style.display=\"none\";for(i=0;i<a.length;i++)s=a[i],e.source===s.contentWindow&&(s.removeAttribute(\"style\"),\"height\"===t.message?(1e3<(r=parseInt(t.value,10))?r=1e3:~~r<200&&(r=200),s.height=r):\"link\"===t.message&&(r=new URL(s.getAttribute(\"src\")),n=new URL(t.value),c.test(n.protocol))&&n.host===r.host&&l.activeElement===s&&(d.top.location.href=t.value))}},d.addEventListener(\"message\",d.wp.receiveEmbedMessage,!1),l.addEventListener(\"DOMContentLoaded\",function(){for(var e,t,s=l.querySelectorAll(\"iframe.wp-embedded-content\"),r=0;r<s.length;r++)(t=(e=s[r]).getAttribute(\"data-secret\"))||(t=Math.random().toString(36).substring(2,12),e.src+=\"#?secret=\"+t,e.setAttribute(\"data-secret\",t)),e.contentWindow.postMessage({message:\"ready\",secret:t},\"*\")},!1)))}(window,document);\n\/\/# sourceURL=https:\/\/siljakeranen.fi\/blogi\/wp-includes\/js\/wp-embed.min.js\n\/* ]]> *\/\n<\/script>\n","description":"Maahanmuuttoon liittyvist\u00e4 kirjauksista ollaan nyt vuoden aikana p\u00e4\u00e4ssyt v\u00e4\u00e4nt\u00e4m\u00e4\u00e4n sek\u00e4 Kajaanin ett\u00e4 Kainuun p\u00e4\u00e4t\u00f6ksenteossa. Vaikka ne ovat vain sanoja, kuvaavat ne tuntoja ja ajatuksia aika paljon. Puhutaanko me maahanmuutosta vai ty\u00f6per\u00e4isest\u00e4 maahanmuutosta. Moni haluaa puhua vain j\u00e4lkimm\u00e4isest\u00e4. Minusta se on aika ongelmallista. Kainuussa on pula osaavasta ty\u00f6voimasta. Ty\u00f6paikkoja on auki, ja ty\u00f6nantajilla on h\u00e4lytt\u00e4v\u00e4n paljon [&hellip;]","thumbnail_url":"https:\/\/siljakeranen.fi\/blogi\/wp-content\/uploads\/2023\/01\/3L3A1767_valmis-pinempi.jpeg","thumbnail_width":1613,"thumbnail_height":1075}