{"version":"1.0","provider_name":"Silja Ker\u00e4nen","provider_url":"https:\/\/siljakeranen.fi\/blogi","author_name":"Silja","author_url":"https:\/\/siljakeranen.fi\/blogi\/author\/admin\/","title":"Mielipiteeni kaupungin mets\u00e4suunnitelmasta - Silja Ker\u00e4nen","type":"rich","width":600,"height":338,"html":"<blockquote class=\"wp-embedded-content\" data-secret=\"AxZkyAmYb8\"><a href=\"https:\/\/siljakeranen.fi\/blogi\/mielipiteeni-kaupungin-metsasuunnitelmasta\/\">Mielipiteeni kaupungin mets\u00e4suunnitelmasta<\/a><\/blockquote><iframe sandbox=\"allow-scripts\" security=\"restricted\" src=\"https:\/\/siljakeranen.fi\/blogi\/mielipiteeni-kaupungin-metsasuunnitelmasta\/embed\/#?secret=AxZkyAmYb8\" width=\"600\" height=\"338\" title=\"&#8221;Mielipiteeni kaupungin mets\u00e4suunnitelmasta&#8221; &#8212; Silja Ker\u00e4nen\" data-secret=\"AxZkyAmYb8\" frameborder=\"0\" marginwidth=\"0\" marginheight=\"0\" scrolling=\"no\" class=\"wp-embedded-content\"><\/iframe><script type=\"text\/javascript\">\n\/* <![CDATA[ *\/\n\/*! This file is auto-generated *\/\n!function(d,l){\"use strict\";l.querySelector&&d.addEventListener&&\"undefined\"!=typeof URL&&(d.wp=d.wp||{},d.wp.receiveEmbedMessage||(d.wp.receiveEmbedMessage=function(e){var t=e.data;if((t||t.secret||t.message||t.value)&&!\/[^a-zA-Z0-9]\/.test(t.secret)){for(var s,r,n,a=l.querySelectorAll('iframe[data-secret=\"'+t.secret+'\"]'),o=l.querySelectorAll('blockquote[data-secret=\"'+t.secret+'\"]'),c=new RegExp(\"^https?:$\",\"i\"),i=0;i<o.length;i++)o[i].style.display=\"none\";for(i=0;i<a.length;i++)s=a[i],e.source===s.contentWindow&&(s.removeAttribute(\"style\"),\"height\"===t.message?(1e3<(r=parseInt(t.value,10))?r=1e3:~~r<200&&(r=200),s.height=r):\"link\"===t.message&&(r=new URL(s.getAttribute(\"src\")),n=new URL(t.value),c.test(n.protocol))&&n.host===r.host&&l.activeElement===s&&(d.top.location.href=t.value))}},d.addEventListener(\"message\",d.wp.receiveEmbedMessage,!1),l.addEventListener(\"DOMContentLoaded\",function(){for(var e,t,s=l.querySelectorAll(\"iframe.wp-embedded-content\"),r=0;r<s.length;r++)(t=(e=s[r]).getAttribute(\"data-secret\"))||(t=Math.random().toString(36).substring(2,12),e.src+=\"#?secret=\"+t,e.setAttribute(\"data-secret\",t)),e.contentWindow.postMessage({message:\"ready\",secret:t},\"*\")},!1)))}(window,document);\n\/\/# sourceURL=https:\/\/siljakeranen.fi\/blogi\/wp-includes\/js\/wp-embed.min.js\n\/* ]]> *\/\n<\/script>\n","description":"T\u00e4ss\u00e4 nyt on, ja \u00e4sken l\u00e4hti kaupungin kirjaamoon: &nbsp; Muistutus Kajaanin mets\u00e4suunnitelmasta Yleiset periaatteet 1. T\u00e4rke\u00e4\u00e4 on, ett\u00e4 mets\u00e4suunnitelma tehd\u00e4\u00e4n nyt mahdollisimman sitovaksi. Kahdessa j\u00e4rjestetyss\u00e4 yleis\u00f6tilaisuudessa virkamiehet ovat tuoneet esille, ett\u00e4 he harkitsevat toimenpiteit\u00e4 sitten leimikon suunnitteluvaiheessa (eli siis sitten, kun puuta ollaan myym\u00e4ss\u00e4). Kaikki mahdollinen harkinta tulisi kuitenkin tehd\u00e4 nyt, t\u00e4ss\u00e4 mets\u00e4suunnitelmavaiheessa, koska: kyse [&hellip;]","thumbnail_url":"https:\/\/siljakeranen.fi\/blogi\/wp-content\/uploads\/2023\/01\/3L3A1767_valmis-pinempi.jpeg","thumbnail_width":1613,"thumbnail_height":1075}