{"version":"1.0","provider_name":"Silja Ker\u00e4nen","provider_url":"https:\/\/siljakeranen.fi\/blogi","author_name":"Silja","author_url":"https:\/\/siljakeranen.fi\/blogi\/author\/admin\/","title":"Tuulivoimaa tarvitaan, mutta ei joka paikkaan - Silja Ker\u00e4nen","type":"rich","width":600,"height":338,"html":"<blockquote class=\"wp-embedded-content\" data-secret=\"pmpicUicds\"><a href=\"https:\/\/siljakeranen.fi\/blogi\/tuulivoimaa-tarvitaan-mutta-ei-joka-paikkaan\/\">Tuulivoimaa tarvitaan, mutta ei joka paikkaan<\/a><\/blockquote><iframe sandbox=\"allow-scripts\" security=\"restricted\" src=\"https:\/\/siljakeranen.fi\/blogi\/tuulivoimaa-tarvitaan-mutta-ei-joka-paikkaan\/embed\/#?secret=pmpicUicds\" width=\"600\" height=\"338\" title=\"&#8221;Tuulivoimaa tarvitaan, mutta ei joka paikkaan&#8221; &#8212; Silja Ker\u00e4nen\" data-secret=\"pmpicUicds\" frameborder=\"0\" marginwidth=\"0\" marginheight=\"0\" scrolling=\"no\" class=\"wp-embedded-content\"><\/iframe><script type=\"text\/javascript\">\n\/* <![CDATA[ *\/\n\/*! This file is auto-generated *\/\n!function(d,l){\"use strict\";l.querySelector&&d.addEventListener&&\"undefined\"!=typeof URL&&(d.wp=d.wp||{},d.wp.receiveEmbedMessage||(d.wp.receiveEmbedMessage=function(e){var t=e.data;if((t||t.secret||t.message||t.value)&&!\/[^a-zA-Z0-9]\/.test(t.secret)){for(var s,r,n,a=l.querySelectorAll('iframe[data-secret=\"'+t.secret+'\"]'),o=l.querySelectorAll('blockquote[data-secret=\"'+t.secret+'\"]'),c=new RegExp(\"^https?:$\",\"i\"),i=0;i<o.length;i++)o[i].style.display=\"none\";for(i=0;i<a.length;i++)s=a[i],e.source===s.contentWindow&&(s.removeAttribute(\"style\"),\"height\"===t.message?(1e3<(r=parseInt(t.value,10))?r=1e3:~~r<200&&(r=200),s.height=r):\"link\"===t.message&&(r=new URL(s.getAttribute(\"src\")),n=new URL(t.value),c.test(n.protocol))&&n.host===r.host&&l.activeElement===s&&(d.top.location.href=t.value))}},d.addEventListener(\"message\",d.wp.receiveEmbedMessage,!1),l.addEventListener(\"DOMContentLoaded\",function(){for(var e,t,s=l.querySelectorAll(\"iframe.wp-embedded-content\"),r=0;r<s.length;r++)(t=(e=s[r]).getAttribute(\"data-secret\"))||(t=Math.random().toString(36).substring(2,12),e.src+=\"#?secret=\"+t,e.setAttribute(\"data-secret\",t)),e.contentWindow.postMessage({message:\"ready\",secret:t},\"*\")},!1)))}(window,document);\n\/\/# sourceURL=https:\/\/siljakeranen.fi\/blogi\/wp-includes\/js\/wp-embed.min.js\n\/* ]]> *\/\n<\/script>\n","thumbnail_url":"https:\/\/siljakeranen.fi\/blogi\/wp-content\/uploads\/2022\/08\/IMG_1300-scaled.jpeg","thumbnail_width":2560,"thumbnail_height":1920,"description":"Suomi, Eurooppa ja maailma tarvitsee uusiutuvaa, v\u00e4h\u00e4p\u00e4\u00e4st\u00f6ist\u00e4 energiaa ja tuulivoima on siten merkitt\u00e4v\u00e4 osa ratkaisua. Fossiilisista tulee p\u00e4\u00e4st\u00e4 eroon, ja se tarkoittaa etenkin l\u00e4mmityksen, liikenteen ja teollisuuden s\u00e4hk\u00f6istymist\u00e4 sek\u00e4 vetytalouden kasvua. Toki vety on vain energiavarasto ja sen tuottamiseen tarvitaan s\u00e4hk\u00f6\u00e4. Tuulivoiman tekninen kehitys on yll\u00e4tt\u00e4nyt jopa minut, teknologiaoptimistisen vihre\u00e4n diplomi-insin\u00f6\u00f6rin. Myllyjen koko ja teho [&hellip;]"}