{"id":1351,"date":"2018-11-23T15:16:45","date_gmt":"2018-11-23T13:16:45","guid":{"rendered":"http:\/\/siljakeranen.fi\/blogi\/?page_id=1351"},"modified":"2024-06-05T23:03:58","modified_gmt":"2024-06-05T20:03:58","slug":"minusta-sanottua","status":"publish","type":"page","link":"https:\/\/siljakeranen.fi\/blogi\/minusta-sanottua\/","title":{"rendered":"Minusta sanottua"},"content":{"rendered":"<p>T\u00e4lle sivulle on koottu tekstej\u00e4 ihmisilt\u00e4, jotka haluavat kertoa suosituksensa minusta. Siit\u00e4 heille valtava kiitos! \ud83d\ude42<\/p>\n<p><img loading=\"lazy\" decoding=\"async\" class=\"size-full wp-image-1660 alignleft\" src=\"https:\/\/siljakeranen.fi\/blogi\/wp-content\/uploads\/2019\/04\/thumbs_Satu_Hassi_2015.jpg\" alt=\"\" width=\"86\" height=\"130\"><\/p>\n<p>&nbsp;<\/p>\n<p style=\"text-align: left;\"><em>&#8221;Silja on diplomi-insin\u00f6\u00f6ri, harjaantunut ajattelemaan ratkaisukeskeisesti. H\u00e4n on selke\u00e4, johdonmukainen, pitk\u00e4j\u00e4nteinen ja periaatteellinen.&#8221;<br \/>\n<\/em>-Satu Hassi, Vihre\u00e4 poliitikko<\/p>\n<p>&nbsp;<\/p>\n<hr>\n<div><a href=\"https:\/\/siljakeranen.fi\/blogi\/wp-content\/uploads\/2023\/06\/Kuva-Outi-Huusko-scaled.jpeg\"><img loading=\"lazy\" decoding=\"async\" class=\"size-medium wp-image-2744 alignright\" src=\"https:\/\/siljakeranen.fi\/blogi\/wp-content\/uploads\/2023\/06\/Kuva-Outi-Huusko-200x300.jpeg\" alt=\"\" width=\"200\" height=\"300\" srcset=\"https:\/\/siljakeranen.fi\/blogi\/wp-content\/uploads\/2023\/06\/Kuva-Outi-Huusko-200x300.jpeg 200w, https:\/\/siljakeranen.fi\/blogi\/wp-content\/uploads\/2023\/06\/Kuva-Outi-Huusko-683x1024.jpeg 683w, https:\/\/siljakeranen.fi\/blogi\/wp-content\/uploads\/2023\/06\/Kuva-Outi-Huusko-768x1152.jpeg 768w, https:\/\/siljakeranen.fi\/blogi\/wp-content\/uploads\/2023\/06\/Kuva-Outi-Huusko-1024x1536.jpeg 1024w, https:\/\/siljakeranen.fi\/blogi\/wp-content\/uploads\/2023\/06\/Kuva-Outi-Huusko-1365x2048.jpeg 1365w, https:\/\/siljakeranen.fi\/blogi\/wp-content\/uploads\/2023\/06\/Kuva-Outi-Huusko-scaled.jpeg 1707w\" sizes=\"auto, (max-width: 200px) 100vw, 200px\" \/><\/a><\/div>\n<div>&nbsp;<\/div>\n<div>\n<p><em>\u201dSilja on tehnyt minuun vaikutuksen johdonmukaisella ty\u00f6ll\u00e4\u00e4n sen hyv\u00e4ksi, ett\u00e4 Vihre\u00e4t voisi olla koko maan puolue. H\u00e4n on nostanut rohkeasti keskusteluun vaikeitakin teemoja ja ennen kaikkea my\u00f6s ratkaisuja liittyen maa -ja mets\u00e4talouteen ja el\u00e4m\u00e4\u00e4n kaupunkiseutujen ulkopuolella. <\/em><\/p>\n<p><em>Tarvitsemme EU-parlamenttiin ihmisi\u00e4, joilla on ymm\u00e4rryst\u00e4 Suomen asemasta osana Eurooppaa. Siljalla on vahvaa aluepoliittista n\u00e4kemyst\u00e4 ja lis\u00e4ksi kokemusta EU:ssa toimimisesta. Siksi \u00e4\u00e4nest\u00e4n Siljaa.\u201d<\/em><\/p>\n<\/div>\n<div>&#8211; Outi Huusko, Uudenmaan Vihreiden pj<\/div>\n<div>&nbsp;<\/div>\n<div>&nbsp;<\/div>\n<div>\n<hr>\n<\/div>\n<div>&nbsp;<\/div>\n<div class=\"NC79P\"><em>&#8221;Olen alunperin tutustunut Siljaan ty\u00f6n kautta ja n\u00e4hnyt, kuinka tunnollinen, asioihin perehtyv\u00e4 ja omistautuva h\u00e4n on. Siljalla on syd\u00e4n paikallaan, j\u00e4rki p\u00e4\u00e4ss\u00e4 ja oikeudenmukainen mieli. Olen usein ajatellut, ett\u00e4 siin\u00e4p\u00e4 vasta viisas ihminen vihre\u00e4\u00e4 politiikkaa tekem\u00e4\u00e4n! Siksi kannattaa \u00e4\u00e4nest\u00e4\u00e4 Siljaa! &#x1f49a;&#8221;<\/em><\/div>\n<div>\n<p>&#8211; Miia R\u00f6nkk\u00f6<\/p>\n<\/div>\n<hr>\n<p><em><a href=\"http:\/\/siljakeranen.fi\/blogi\/wp-content\/uploads\/2018\/12\/Heidi-Hautala.jpg\"><img loading=\"lazy\" decoding=\"async\" class=\"wp-image-1392 size-thumbnail alignleft\" src=\"http:\/\/siljakeranen.fi\/blogi\/wp-content\/uploads\/2018\/12\/Heidi-Hautala-150x150.jpg\" alt=\"\" width=\"150\" height=\"150\">&nbsp;<\/a><\/em><em>&#8221;Tunnen Siljan erinomaisena mets\u00e4ntuntijana ja olen saanut h\u00e4nelt\u00e4 monta hyv\u00e4\u00e4 n\u00e4k\u00f6kulmaa Euroopan parlamentin tiukkoihin mets\u00e4keskusteluihin. Siljan luotsaamana vihreiden maatalousohjelmasta tuli todella hyv\u00e4.&#8221;<br \/>\n<\/em><\/p>\n<p>&#8211; Heidi Hautala, europarlamentaarikko<\/p>\n<p>&nbsp;<\/p>\n<div>\n<p>&nbsp;<\/p>\n<\/div>\n<hr>\n<p>&#8221;<em>Silja on uuttera, akateemisesti sivistynyt, osaava ja vastuuntuntoinen kainuulainen, jolle luonto ja lapset sek\u00e4 kotimaakunnan ja maailman elinkelpoisuus ovat t\u00e4rkeit\u00e4. On ollut hienoa seurata Siljan polkua vahvaksi vastuunkantajaksi, joka rohkenee tarttua vaikeisiinkin asioihin ja vie t\u00e4rkeiksi koettuja asioita rakentavasti eteenp\u00e4in.<\/em><\/p>\n<p><em>Emme voi palata kauas menneisyyteen luonnon neitseelliseen alkukotiin mutta voimme tehd\u00e4 paljon turvataksemme itsellemme ja tuleville sukupolville kelvollisen elinymp\u00e4rist\u00f6n. Siljan kyvyll\u00e4 oppia ja omaksua uutta tietoa, yhteisty\u00f6taidoilla ja realistisilla n\u00e4kemyksill\u00e4 on mahdollista saada aikaan toivottuja tuloksia yhdess\u00e4 tehden.&#8221;<\/em><\/p>\n<p>&#8211; Aune Kariluoto, el\u00e4kkeell\u00e4 oleva Siljan entinen opettaja, rehtori, Kajaani<\/p>\n<hr>\n<p>&nbsp;<\/p>\n<p><em>&#8221;Silja Ker\u00e4nen on vahva \u00e4\u00e4ni maakuntien ja luonnon puolesta. H\u00e4n on osoittanut kykyns\u00e4 johtaa vihreiden puoluevaltuustoa ja on vihreiden arvojen luja puolustaja. Silja ymm\u00e4rt\u00e4\u00e4 erinomaisesti sek\u00e4 kaupunkien ett\u00e4 maaseudun haasteet ja mahdollisuudet.&#8221;<br \/>\n<\/em><\/p>\n<p>&#8211; Eva Tawasoli, Alue- ja kaupunginvaltuutettu Vantaalta<\/p>\n<p>&nbsp;<\/p>\n<div>\n<hr>\n<\/div>\n<div><em><br \/>\n&#8221;Olen tuntenut Siljan 11 vuotta, ensin ty\u00f6kaverina, sittemmin toimiessamme Kainuun Vihreiss\u00e4. Min\u00e4 \u00e4\u00e4nest\u00e4n Siljaa, koska h\u00e4n perehtyy asioihin perinpohjaisesti ja ottaa yhteisten asioiden hoitamisen tosissaan. Jos h\u00e4n ei jotain tied\u00e4, h\u00e4n ottaa siit\u00e4 selv\u00e4\u00e4, tutkii ja kyselee. Silja ei pelk\u00e4\u00e4 ottaa puheenvuoroja isoissakaan kokouksissa ja tarvittaessa kyseenalaistaa tekeill\u00e4 olevat p\u00e4\u00e4t\u00f6kset ja niiden perustelut. Ei siksi, ett\u00e4 h\u00e4n olisi vallanhimoinen, vaan sen vuoksi, ett\u00e4 h\u00e4n todella v\u00e4litt\u00e4\u00e4 siit\u00e4, ett\u00e4 asiat hoidetaan perinpohjaisesti ja ett\u00e4 kaikki p\u00e4\u00e4t\u00f6ksentekoon tarvittavat tiedot ovat p\u00e4\u00e4t\u00f6ksentekij\u00f6iden tiedossa. Silja ei aja asioita kuitenkaan sokeasti ensituntuman mukaan, vaan on valmis kuulemaan muiden mielipiteit\u00e4 ja hyv\u00e4t perustelut saatuaan viilaamaan kantaansa. H\u00e4n my\u00f6s tekee mielell\u00e4\u00e4n yhteisty\u00f6t\u00e4 yli puoluerajojen.&#8221;<\/em><\/div>\n<div>&nbsp;<\/div>\n<div>&#8211; Nina Jyrk\u00e4s<\/div>\n<p>&nbsp;<\/p>\n<hr>\n<p><span style=\"font-weight: 400;\"><em><img loading=\"lazy\" decoding=\"async\" class=\"size-medium wp-image-1485 alignright\" src=\"http:\/\/siljakeranen.fi\/blogi\/wp-content\/uploads\/2019\/02\/Lasse-M-300x200.jpg\" alt=\"\" width=\"300\" height=\"200\" srcset=\"https:\/\/siljakeranen.fi\/blogi\/wp-content\/uploads\/2019\/02\/Lasse-M-300x200.jpg 300w, https:\/\/siljakeranen.fi\/blogi\/wp-content\/uploads\/2019\/02\/Lasse-M.jpg 670w\" sizes=\"auto, (max-width: 300px) 100vw, 300px\" \/><\/em><\/span><\/p>\n<p><span style=\"font-weight: 400;\"><em>&#8221;Silja on m\u00e4\u00e4r\u00e4tietoinen, periksiantamaton ja asioihin syv\u00e4llisesti perehtyv\u00e4. <\/em><\/span><em style=\"font-weight: inherit;\">H\u00e4n on kainuulainen ja kansainv\u00e4linen, pohjoisen Suomen tuntija ja vaikuttaja, jolla on jalat vahvasti maassa ja syd\u00e4mess\u00e4 rohkeus toimia sen puolesta, mik\u00e4 on t\u00e4rke\u00e4\u00e4. H\u00e4n tuntee maaseudun, kaupungin ja mets\u00e4n asiat ja etsii aina niiden yhteist\u00e4, kest\u00e4v\u00e4\u00e4 hyv\u00e4\u00e4. Silja tekee mit\u00e4 lupaa, tehokkaasti, taitavasti ja ihmisi\u00e4 laajasti kuunnellen.&#8221;<\/em><br \/>\n&#8211; Lasse Miettinen, vihreiden entinen puoluesihteeri<\/p>\n<p>&nbsp;<\/p>\n<hr>\n<p>&nbsp;<\/p>\n<p><img loading=\"lazy\" decoding=\"async\" class=\"wp-image-1369 alignright\" src=\"http:\/\/siljakeranen.fi\/blogi\/wp-content\/uploads\/2018\/11\/Lea-Elina-270x300.jpg\" alt=\"\" width=\"233\" height=\"259\" srcset=\"https:\/\/siljakeranen.fi\/blogi\/wp-content\/uploads\/2018\/11\/Lea-Elina-270x300.jpg 270w, https:\/\/siljakeranen.fi\/blogi\/wp-content\/uploads\/2018\/11\/Lea-Elina-768x855.jpg 768w, https:\/\/siljakeranen.fi\/blogi\/wp-content\/uploads\/2018\/11\/Lea-Elina-920x1024.jpg 920w, https:\/\/siljakeranen.fi\/blogi\/wp-content\/uploads\/2018\/11\/Lea-Elina.jpg 2047w\" sizes=\"auto, (max-width: 233px) 100vw, 233px\" \/><em>&#8221;Vuosikymmenet vihreiss\u00e4 ovat opettaneet minut n\u00e4kem\u00e4\u00e4n melko hyvin ne henkil\u00f6t, joilla on halutessaan mahdollisuus edet\u00e4 politiikassa pitk\u00e4lle. Silja on yksi heist\u00e4. H\u00e4nest\u00e4 huokuu intohimo uusiin asioihin perehtymiseen ja rakentavan keskustelun k\u00e4ymiseen my\u00f6s eri mielt\u00e4 olevien kanssa. Niit\u00e4 taitoja politiikan huipulla tarvitaan.<\/em><br \/>\n<em><br \/>\n<\/em><em>Maatalouspoliittisen ohjelman teko oli pitk\u00e4\u00e4n ty\u00f6n alla. Rohkenen sanoa, ett\u00e4 ilman Siljan tarmoa, taitoa ja pitk\u00e4j\u00e4nnitteisyytt\u00e4 ohjelman teko olisi voinut j\u00e4\u00e4d\u00e4 kokonaan tai ainakin johtanut moniin ristiriitoihin. Nyt vihreill\u00e4 on Suomen paras maatalouspoliittinen ohjelma, jota jopa MTK:n puheenjohtaja osaa arvostaa. Siljan laaja perehtyneisyys politiikan eri sektoreihin n\u00e4kyy my\u00f6s esimerkiksi Maaseudun Tulevaisuuden mets\u00e4-teemaisissa kolumneissa, toimimisessa Vihreiss\u00e4 Naisissa, osallistumisessa koulutuspoliittiseen keskusteluun ja vihreiden energiavision laadinnassa.<br \/>\n<\/em><br \/>\n<em>Vuosien ajan teimme Siljan kanssa tiivist\u00e4 yhteisty\u00f6t\u00e4 Maaseutu- ja er\u00e4vihreiden hallituksessa. Nyt yhteisty\u00f6 jatkuu puoluehallituksessa ja puoluevaltuuskunnassa, jonka p\u00e4tev\u00e4n\u00e4 ja arvostettuna puheenjohtajana Silja luotsaa puolueen ohjelmaty\u00f6t\u00e4 tulevalle vuosikymmenelle.&#8221;<\/em><\/p>\n<p>Lea-Elina Nikkil\u00e4<br \/>\nJoutsan Vihreiden pj, Joutsan kunnanvaltuuston 1. varapuheenjohtaja<br \/>\nPuoluehallituksen varaj\u00e4sen<br \/>\n\u2019Koij\u00e4rven konkari\u2019<\/p>\n<hr>\n<p><em><span style=\"font-weight: 400;\"><a href=\"http:\/\/siljakeranen.fi\/blogi\/wp-content\/uploads\/2018\/12\/Anne-Kemppainen.jpg\"><img loading=\"lazy\" decoding=\"async\" class=\"size-medium wp-image-1397 alignleft\" src=\"http:\/\/siljakeranen.fi\/blogi\/wp-content\/uploads\/2018\/12\/Anne-Kemppainen-300x300.jpg\" alt=\"\" width=\"300\" height=\"300\" srcset=\"https:\/\/siljakeranen.fi\/blogi\/wp-content\/uploads\/2018\/12\/Anne-Kemppainen-300x300.jpg 300w, https:\/\/siljakeranen.fi\/blogi\/wp-content\/uploads\/2018\/12\/Anne-Kemppainen-150x150.jpg 150w, https:\/\/siljakeranen.fi\/blogi\/wp-content\/uploads\/2018\/12\/Anne-Kemppainen.jpg 439w\" sizes=\"auto, (max-width: 300px) 100vw, 300px\" \/><\/a>&#8221;Silja on vilpitt\u00f6m\u00e4sti ja syd\u00e4mest\u00e4\u00e4n vihre\u00e4 arvoiltaan. Viisas ja vaatimaton ahertaja. Politiikka kaipaa Siljan kaltaista naista, naista jolla on jalat maassa, arvomaailma kohdallaan ja tahtoa ja taitoa tehd\u00e4 politiikkaa. H\u00e4n on hyvis, \u00e4lyk\u00e4s ja sanavalmis, tekev\u00e4 ja asialle omistautunut. <\/span><\/em><\/p>\n<p><em><span style=\"font-weight: 400;\">Siljalla on taito hoitaa hankalatkin asiat asiallisesti, k\u00e4rsiv\u00e4llisesti ja rohkeasti &#8211; arvostusta ansaiten yli puoluerajojen. H\u00e4n jaksaa aina olla aidon yst\u00e4v\u00e4llinen, silloinkin kun on eri mielt\u00e4.<\/span><\/em><\/p>\n<p><em><span style=\"font-weight: 400;\">Siljan toimintaa l\u00e4helt\u00e4 seuratessa voi todeta, ett\u00e4 yhdell\u00e4kin ihmisell\u00e4 on merkityst\u00e4 politiikassa! J\u00e4rkev\u00e4ll\u00e4 ja sovittelevalla tyylill\u00e4\u00e4n Silja tuo vihreit\u00e4 arvoja k\u00e4yt\u00e4nt\u00f6\u00f6n n\u00e4kyv\u00e4sti ja tehokkaasti.<\/span><\/em><\/p>\n<p><em><span style=\"font-weight: 400;\">Ilman Siljaa ei Kajaanin kaupunkistrategiassa vuosille 2019-2022 olisi yhten\u00e4 nelj\u00e4st\u00e4 kasvuteemasta Resurssiviisautta luontokaupungissa! <\/span><\/em><\/p>\n<p><em><span style=\"font-weight: 400;\">Silja osaa pyyt\u00e4\u00e4 niin kauniisti ja neuvoa niin empaattisesti, ett\u00e4 h\u00e4nen kanssaan huomaa p\u00e4\u00e4tyv\u00e4ns\u00e4 iloisella mielell\u00e4 milloin mihinkin letunpaistoon. Innolla odotan jo seuraavaa kertaa!<\/span><\/em><\/p>\n<p><em><span style=\"font-weight: 400;\">Arvostan Siljaa yst\u00e4v\u00e4n\u00e4, naisena ja \u00e4itin\u00e4 sek\u00e4 ennen kaikkea rohkeana ja ahkerana vihre\u00e4n\u00e4 edell\u00e4k\u00e4vij\u00e4n\u00e4 Kainuun korvessa.&#8221;<\/span><\/em><\/p>\n<p><span style=\"font-weight: 400;\">Anne Kemppainen<br \/>\n<\/span><span style=\"font-weight: 400;\">k\u00e4til\u00f6 ja seksuaalineuvoja<br \/>\n<\/span><span style=\"font-weight: 400;\">vihre\u00e4 kaupunginvaltuutettu, aluevaltuutettu<br \/>\n<\/span><\/p>\n<div>&nbsp;<\/div>\n<hr>\n<p><em>&nbsp;<\/em><\/p>\n<p><img loading=\"lazy\" decoding=\"async\" class=\"size-thumbnail wp-image-1398 alignright\" src=\"http:\/\/siljakeranen.fi\/blogi\/wp-content\/uploads\/2018\/12\/Jakke-Ma\u0308kela\u0308-150x150.jpg\" alt=\"\" width=\"150\" height=\"150\" srcset=\"https:\/\/siljakeranen.fi\/blogi\/wp-content\/uploads\/2018\/12\/Jakke-Ma\u0308kela\u0308-150x150.jpg 150w, https:\/\/siljakeranen.fi\/blogi\/wp-content\/uploads\/2018\/12\/Jakke-Ma\u0308kela\u0308-300x300.jpg 300w, https:\/\/siljakeranen.fi\/blogi\/wp-content\/uploads\/2018\/12\/Jakke-Ma\u0308kela\u0308-768x768.jpg 768w, https:\/\/siljakeranen.fi\/blogi\/wp-content\/uploads\/2018\/12\/Jakke-Ma\u0308kela\u0308.jpg 997w\" sizes=\"auto, (max-width: 150px) 100vw, 150px\" \/><\/p>\n<p style=\"text-align: right;\"><em>&#8221;Siljalla on ainutlaatuinen kyky ja halu l\u00f6yt\u00e4\u00e4 kompromissej\u00e4 silloinkin, kun eri n\u00e4k\u00f6kulmat n\u00e4ytt\u00e4v\u00e4t t\u00e4ysin yhteensovittamattomilta. T\u00e4t\u00e4 taitoa politiikassa tarvitaan kipe\u00e4sti juuri nyt, kun Suomi on monella tapaa polarisoitumassa. R\u00e4ksytt\u00e4minen on helppoa. Suomi kuitenkin tarvitsee poliitikkoja jotka puolustavat kantojaan j\u00e4mer\u00e4sti mutta faktapohjaisesti ja vastapuolta kunnioittaen. Toisin sanottuna, Suomi tarvitsee Siljan.&#8221;<br \/>\n<\/em>-Jakke M\u00e4kel\u00e4<\/p>\n<p>&nbsp;<\/p>\n<hr>\n<p><img loading=\"lazy\" decoding=\"async\" class=\"alignleft wp-image-1354\" src=\"http:\/\/siljakeranen.fi\/blogi\/wp-content\/uploads\/2018\/11\/Anu-Immonen-082018-150x150.jpg\" alt=\"\" width=\"250\" height=\"250\" srcset=\"https:\/\/siljakeranen.fi\/blogi\/wp-content\/uploads\/2018\/11\/Anu-Immonen-082018-150x150.jpg 150w, https:\/\/siljakeranen.fi\/blogi\/wp-content\/uploads\/2018\/11\/Anu-Immonen-082018-300x300.jpg 300w, https:\/\/siljakeranen.fi\/blogi\/wp-content\/uploads\/2018\/11\/Anu-Immonen-082018.jpg 400w\" sizes=\"auto, (max-width: 250px) 100vw, 250px\" \/><\/p>\n<p><em>&#8221;Olen alusta asti seurannut Siljan matkaa politiikassa, ja joka k\u00e4\u00e4nteess\u00e4 ihmetellyt sit\u00e4 tarmoa, mill\u00e4 Silja asioita edist\u00e4\u00e4, kaikista haasteista huolimatta. Mietin aina, ett\u00e4 kunpa kaikki n\u00e4kisiv\u00e4t yht\u00e4 paljon vaivaa asioiden eri laitojen selvitt\u00e4miseksi ennen kuin tekev\u00e4t p\u00e4\u00e4t\u00f6ksi\u00e4. Ihailen my\u00f6s Siljan rohkeutta tuoda asiantuntemuksensa esille. Me ihmiset helposti mukaudumme auktoriteettihahmojen mielipiteisiin, mutta Silja uskaltaa olla eri mielt\u00e4kin. Silja ei yrit\u00e4 olla se suosituin vaan se, joka tekee oikein. Se ei varmasti ole aina helppoa. <\/em><\/p>\n<p><em>Kantavana voimana t\u00e4ytyy&nbsp;<\/em><em>olla se intohimo, joka Siljalla on politiikkaan. Sen intohimon n\u00e4kee siit\u00e4, kuinka Silja syttyy, kun h\u00e4n kertoo ty\u00f6st\u00e4\u00e4n ja siit\u00e4, kuinka h\u00e4n saa muutkin innostumaan asioihin vaikuttamisesta. Yksi itselleni t\u00e4rkeimmist\u00e4 asioista on my\u00f6s se, ett\u00e4 Silja ei katso vain seuraavaa kvartaalia tai seuraavaa hallituskautta vaan h\u00e4n tekee ty\u00f6t\u00e4, jolla on vaikutusta meid\u00e4n lastemme lasten el\u00e4m\u00e4\u00e4n. Enemm\u00e4n kuin koskaan, me tarvitsemme n\u00e4it\u00e4 ihmisi\u00e4, joilla on uskoa, toivoa ja sinnikkyytt\u00e4. N\u00e4m\u00e4 erityislaatuiset ihmiset auttavat meit\u00e4 tekem\u00e4\u00e4n valintoja ja muutoksia paremman tulevaisuuden puolesta.&#8221;<\/em><br \/>\n&#8211; Anu Immonen, psykologi, KTM<\/p>\n<p>&nbsp;<\/p>\n<hr>\n<p style=\"font-weight: 400;\"><em>&#8221;Siljassa yhdistyv\u00e4t poliittinen taito ja ihmisen l\u00e4mp\u00f6, viisaus ja v\u00e4litt\u00e4minen. Arvostan suuresti Siljan kyky\u00e4 huomioida kaikessa p\u00e4\u00e4t\u00f6ksenteossa ymp\u00e4rist\u00f6n ja luonnon s\u00e4\u00e4st\u00e4misen n\u00e4k\u00f6kulma. Silja on luonnon ja ymp\u00e4rist\u00f6n puolella my\u00f6s ihmisen hyv\u00e4ksi, paikallisesta n\u00e4k\u00f6kulmasta.<a href=\"http:\/\/siljakeranen.fi\/blogi\/wp-content\/uploads\/2019\/02\/Virpi.jpg\"><img loading=\"lazy\" decoding=\"async\" class=\"size-medium wp-image-1482 alignright\" src=\"http:\/\/siljakeranen.fi\/blogi\/wp-content\/uploads\/2019\/02\/Virpi-300x225.jpg\" alt=\"\" width=\"300\" height=\"225\" srcset=\"https:\/\/siljakeranen.fi\/blogi\/wp-content\/uploads\/2019\/02\/Virpi-300x225.jpg 300w, https:\/\/siljakeranen.fi\/blogi\/wp-content\/uploads\/2019\/02\/Virpi-768x576.jpg 768w, https:\/\/siljakeranen.fi\/blogi\/wp-content\/uploads\/2019\/02\/Virpi.jpg 1024w\" sizes=\"auto, (max-width: 300px) 100vw, 300px\" \/><\/a><\/em><\/p>\n<p style=\"font-weight: 400;\"><em>Kainuulaisessa elinkeinoel\u00e4m\u00e4ss\u00e4 on paljon raskaasti ymp\u00e4rist\u00f6\u00e4 kuormittavaa toimintaa ja t\u00e4m\u00e4 n\u00e4ytt\u00e4isi vain lis\u00e4\u00e4ntyv\u00e4n. Ilman Siljan p\u00e4\u00e4tt\u00e4v\u00e4isyytt\u00e4, diplomi-insin\u00f6\u00f6rin osaamista ja luonnonrakkautta t\u00e4m\u00e4 olisi lohdutonta. Kiitos Siljan vaikuttamistaitojen ja osaamisen, minulla on uskoa siihen, ett\u00e4 maakunnassamme on mahdollisuus toimia luontoa s\u00e4\u00e4st\u00e4v\u00e4mmin ja paras teknologia huomioiden my\u00f6s k\u00e4yt\u00e4nn\u00f6n tasolla. Silja on osoittanut, ett\u00e4 h\u00e4nen poliittisen toiminnan motiivi on my\u00f6s pohjoisten ihmisen hyvinvointi sellaisena, jota min\u00e4 luontoihmisen\u00e4 arvostan.<\/em><\/p>\n<p style=\"font-weight: 400;\"><em>Silja osaa my\u00f6s sanoa ei ja siirty\u00e4 ymp\u00e4rist\u00f6n puolella silloin, kun sit\u00e4 liian raskaalla k\u00e4dell\u00e4 kuritetaan. Silja on poliitikko, joka toimii taitavasti yli puoluerajojen tavoitteensa puolesta. Silja saa uskomaan, ett\u00e4 t\u00e4ll\u00e4 sinisell\u00e4 planeetalla on viel\u00e4 mahdollisuus. Minun luonnonsuojelijan syd\u00e4meni halusi l\u00e4hte\u00e4 tukemaan Siljaa. &#8221;<\/em><\/p>\n<p style=\"font-weight: 400;\">&#8211; Virpi Juvonen, FM biologi, opettaja, Kainuun luonnonsuojelupiirin pj 1995-2005 ja 2015-17.<\/p>\n<hr>\n<p><em>&nbsp;<\/em><\/p>\n<p><em><a href=\"http:\/\/siljakeranen.fi\/blogi\/wp-content\/uploads\/2018\/11\/Anne-M.png\"><img loading=\"lazy\" decoding=\"async\" class=\" wp-image-1374 alignleft\" src=\"http:\/\/siljakeranen.fi\/blogi\/wp-content\/uploads\/2018\/11\/Anne-M.png\" alt=\"\" width=\"163\" height=\"163\" srcset=\"https:\/\/siljakeranen.fi\/blogi\/wp-content\/uploads\/2018\/11\/Anne-M.png 267w, https:\/\/siljakeranen.fi\/blogi\/wp-content\/uploads\/2018\/11\/Anne-M-150x150.png 150w\" sizes=\"auto, (max-width: 163px) 100vw, 163px\" \/><\/a><\/em><\/p>\n<p><em><br \/>\n&#8221;Silja on poliitikko, jolle luonto, ymp\u00e4rist\u00f6 ja ihmisten hyvinvointi on t\u00e4rke\u00e4\u00e4. H\u00e4n ei vain puutu ep\u00e4kohtiin, vaan esitt\u00e4\u00e4 my\u00f6s konkreettisia parannuksia asioihin. H\u00e4n omaa laajan tiet\u00e4myksen seurauksista mit\u00e4 esimerkiksi t\u00e4m\u00e4n p\u00e4iv\u00e4n energiantuotanto tekee luonnolle ja ilmastolle. Siljan avoimuus kuunnella ihmisi\u00e4 ja vaikuttaa asioihin tekee h\u00e4nest\u00e4 sen poliitikon, jota min\u00e4 haluan tukea p\u00e4\u00e4tt\u00e4m\u00e4\u00e4n asioista.&#8221;<\/em><\/p>\n<p>&#8211; Anne Matilainen, diakoniaty\u00f6ntekij\u00e4 Kajaanissa<\/p>\n<hr>\n<p>&nbsp;<\/p>\n<p><em><a href=\"https:\/\/siljakeranen.fi\/blogi\/wp-content\/uploads\/2024\/06\/Kuva-Jukka-Vaisanen.jpeg\"><img loading=\"lazy\" decoding=\"async\" class=\" wp-image-2921 alignright\" src=\"https:\/\/siljakeranen.fi\/blogi\/wp-content\/uploads\/2024\/06\/Kuva-Jukka-Vaisanen-300x300.jpeg\" alt=\"\" width=\"210\" height=\"210\" srcset=\"https:\/\/siljakeranen.fi\/blogi\/wp-content\/uploads\/2024\/06\/Kuva-Jukka-Vaisanen-300x300.jpeg 300w, https:\/\/siljakeranen.fi\/blogi\/wp-content\/uploads\/2024\/06\/Kuva-Jukka-Vaisanen-1024x1024.jpeg 1024w, https:\/\/siljakeranen.fi\/blogi\/wp-content\/uploads\/2024\/06\/Kuva-Jukka-Vaisanen-150x150.jpeg 150w, https:\/\/siljakeranen.fi\/blogi\/wp-content\/uploads\/2024\/06\/Kuva-Jukka-Vaisanen-768x768.jpeg 768w, https:\/\/siljakeranen.fi\/blogi\/wp-content\/uploads\/2024\/06\/Kuva-Jukka-Vaisanen.jpeg 1200w\" sizes=\"auto, (max-width: 210px) 100vw, 210px\" \/><\/a>&#8221;Tutustuin Siljaan Lahden puoluekokouksen yhteydess\u00e4, kun minut valittiin Maaseutu- ja er\u00e4vihreiden hallitukseen. Vuosi hallituksessa osoitti Siljan asiaosaamisen laajuuden ja ihmisl\u00e4heisen johtamistaidon. H\u00e4n kohtelee ihmisi\u00e4 yhdenvertaisesti. Kun Silja valittiin puoluevaltuuskunnan, my\u00f6hemmin puoluevaltuuston puheenjohtajaksi, tiesin olevani luotettavasti johdetussa organisaatiossa. Siljan kanssa on helppo toimia. Maailma tarvitsee enemm\u00e4n Siljan kaltaisia p\u00e4\u00e4tt\u00e4ji\u00e4. Puolueen varapuheenjohtajana h\u00e4n on tuonut erinomaisesti esiin koko Suomea suurkaupunkin\u00e4k\u00f6kulman ulkopuolelta.&#8221;<\/em><br \/>\n-Jukka V\u00e4is\u00e4nen, vihreiden puoluevaltuuston j\u00e4sen, Turku<\/p>\n<p>&nbsp;<\/p>\n<hr>\n<p>&nbsp;<\/p>\n<p><em>&#8221;Olen toiminut muutaman vuosikymmenen vihreiden aatteiden parissa Kainuussa. Toistuvasti olen joutunut toteamaan, ett\u00e4 toiminnasta puuttuu avauksia maaseutuun, luontoon ja ennen kaikkea ekologiseen l\u00e4hestymistapaan. Vaikka peruskoulu ja lukio ovat tarjonneet monimuotoisuuden ymm\u00e4rt\u00e4miseen koulutusta jo nelj\u00e4nkymmenen vuoden ajan, keskeisiss\u00e4 elinkeinoissa ja p\u00e4\u00e4t\u00f6ksenteossa juuri mik\u00e4\u00e4n ei ole muuttunut. T\u00e4t\u00e4 taustaa vasten Silja Ker\u00e4nen on tuonut tarjolle uuden poliittisen toiminnan mallin, jossa niin talousel\u00e4m\u00e4n, ymp\u00e4rist\u00f6nsuojelun, kotimaakunnan kuin maailmankin ajankohtaisimmat ongelmat ovat mukana. N\u00e4ist\u00e4 suurimpana ilmasto-ongelmat. Siljan tarjoamalle linjalle ei ole vaihtoehtoja. H\u00e4nen asettamissaan tavoitteessa on ajankohtaisuutta ja realismia, jonka toivoo saavan vastakaikua ja tuottavan tuloksia \u2013 nopeasti.&#8221;<br \/>\n<\/em>-Raimo Kantola,&nbsp;FM, el\u00e4kel\u00e4inen, biologi, Paltamo<\/p>\n<hr>\n<p><em>&#8221;Silja is one of those brilliant persons who take initiative and pushes things to the end. For example, once I was in an airport with her and we saw a known Finnish politician and MEP sitting near to us. Silja told me that the politician might be willing to give a speech in an event Silja was organising, so she went to the MEP, introduced herself, explained her case, and got the necessary contact details to organise the rest.&#8221;<\/em><br \/>\n&#8211; Tuomo Honkanen, IT Officer in European Chemicals Agency (Siljan kollega Kemikaalivirastossa)<\/p>\n<hr>\n<p><em><a href=\"http:\/\/siljakeranen.fi\/blogi\/wp-content\/uploads\/2019\/02\/Kata.jpg\"><img loading=\"lazy\" decoding=\"async\" class=\"wp-image-1487 size-medium alignleft\" src=\"http:\/\/siljakeranen.fi\/blogi\/wp-content\/uploads\/2019\/02\/Kata-e1549127039457-225x300.jpg\" alt=\"\" width=\"225\" height=\"300\" srcset=\"https:\/\/siljakeranen.fi\/blogi\/wp-content\/uploads\/2019\/02\/Kata-e1549127039457-225x300.jpg 225w, https:\/\/siljakeranen.fi\/blogi\/wp-content\/uploads\/2019\/02\/Kata-e1549127039457-768x1024.jpg 768w, https:\/\/siljakeranen.fi\/blogi\/wp-content\/uploads\/2019\/02\/Kata-e1549127039457.jpg 1944w\" sizes=\"auto, (max-width: 225px) 100vw, 225px\" \/><\/a><\/em><\/p>\n<p><em><br \/>\n\u201dSiljalla on n\u00e4kemyst\u00e4 ja kokemusta maaseudun sek\u00e4 kaupunkien elinvoiman kehitt\u00e4misest\u00e4 niiden voimavaroihin perustuen \u2013 unohtamatta ihmisi\u00e4 ja ymp\u00e4rist\u00f6\u00e4.<\/em><\/p>\n<p><em>Energia, mets\u00e4, puu, maaseutu, koulutus, ihmiset, luonto, ty\u00f6, yritt\u00e4minen ja Pohjois-Suomi &#8211; n\u00e4it\u00e4 asioita Silja on edist\u00e4nyt vihre\u00e4ss\u00e4 politiikassaan reilulla, ratkaisukeskeisell\u00e4 ja asioihin paneutuvalla otteella.<\/em><em>\u201d<\/em><\/p>\n<p>Katarina Timisj\u00e4rvi, Oulu<\/p>\n<p>&nbsp;<\/p>\n<p>&nbsp;<\/p>\n<div>&nbsp;<\/div>\n<hr>\n<p><em>&nbsp;<\/em><em>&#8221;Olen aina ollut kiinnostunut yhteiskunnallisista aiheista, mutta pysytellyt politiikan ulkopuolella. Ajattelin, ett\u00e4 kyll\u00e4 ne asiat hoituvat ilman ett\u00e4 ilmaisen mielipidett\u00e4ni tai kantaani sosiaalisen median kevyit\u00e4 klikkaamisia lukuunottamatta. Sitten tuli Talvivaara, ihan tuohon kotikaupunkini kupeeseen. Sitten tuli hallitus ja leikkaukset koulutukseen ja sosiaaliturvaan. Klikkailut ja postaamiset eiv\u00e4t en\u00e4\u00e4 riit\u00e4; tarvitaan sitoutuneita, rehellisi\u00e4 ja ty\u00f6t\u00e4 pelk\u00e4\u00e4m\u00e4tt\u00f6mi\u00e4 ihmisi\u00e4 edustamaan minua ja minun arvojani.<\/em><\/p>\n<p><em>Tuen Siljaa, sill\u00e4 olen n\u00e4hnyt kuinka h\u00e4n on toiminut kaupunginvaltuutettuna. Tuen Siljaa, sill\u00e4 h\u00e4nen ajamansa asiat ovat elint\u00e4rkeit\u00e4 koko planeetallemme ja tuleville sukupolvillemme.<\/em><\/p>\n<p><em>Tuen Siljaa, sill\u00e4 h\u00e4n toimii kuten lupaa &#8211; min\u00e4 luotan h\u00e4neen.&#8221;<\/em><\/p>\n<p>&#8211; Kirsi Huotari, hankekoordinaattori Kajaanista<\/p>\n<hr>\n<div><em><br \/>\n&#8221;Silja Ker\u00e4nen on \u00e4lyk\u00e4s ja taitava poliitikko, hyv\u00e4 neuvottelija ja sinnik\u00e4s paremman maailman puolesta taistelija. Silja tarkastelee suuria kokonaisuuksia, eik\u00e4 vain puhu vaan saa asioita tapahtumaan. H\u00e4n keskustelee rakentavasti my\u00f6s eri mielt\u00e4 olevien kanssa ja her\u00e4tt\u00e4\u00e4 siten arvostusta ja luottamusta ymp\u00e4rill\u00e4\u00e4n.&#8221;<\/em><\/div>\n<div>\n<div>&nbsp;<\/div>\n<\/div>\n<div><a href=\"http:\/\/siljakeranen.fi\/blogi\/wp-content\/uploads\/2019\/01\/Johanna-Kohvakka.png\"><img loading=\"lazy\" decoding=\"async\" class=\"alignnone size-thumbnail wp-image-1474\" src=\"http:\/\/siljakeranen.fi\/blogi\/wp-content\/uploads\/2019\/01\/Johanna-Kohvakka-150x150.png\" alt=\"\" width=\"150\" height=\"150\"><\/a><a href=\"http:\/\/siljakeranen.fi\/blogi\/wp-content\/uploads\/2019\/01\/Jani-Petri_Martikainen.jpeg\"><img loading=\"lazy\" decoding=\"async\" class=\"alignnone size-thumbnail wp-image-1473\" src=\"http:\/\/siljakeranen.fi\/blogi\/wp-content\/uploads\/2019\/01\/Jani-Petri_Martikainen-150x150.jpeg\" alt=\"\" width=\"150\" height=\"150\"><\/a> <a style=\"font-weight: inherit;\" href=\"http:\/\/siljakeranen.fi\/blogi\/wp-content\/uploads\/2019\/01\/Riittinen-Leena_2015_pieni.jpg\"><img loading=\"lazy\" decoding=\"async\" class=\"alignnone size-thumbnail wp-image-1475\" src=\"http:\/\/siljakeranen.fi\/blogi\/wp-content\/uploads\/2019\/01\/Riittinen-Leena_2015_pieni-150x150.jpg\" alt=\"\" width=\"150\" height=\"150\" srcset=\"https:\/\/siljakeranen.fi\/blogi\/wp-content\/uploads\/2019\/01\/Riittinen-Leena_2015_pieni-150x150.jpg 150w, https:\/\/siljakeranen.fi\/blogi\/wp-content\/uploads\/2019\/01\/Riittinen-Leena_2015_pieni-300x297.jpg 300w\" sizes=\"auto, (max-width: 150px) 100vw, 150px\" \/><\/a><\/div>\n<div>Johanna Kohvakka&nbsp; &nbsp; Jani-Petri Martikainen&nbsp; Leena Riittinen<\/div>\n<div>&nbsp;<\/div>\n<hr>\n<p><em><br \/>\n&#8221;Silja on asiantunteva, neuvotteleva, kuunteleva ja sympaattinen poliitikko.&#8221;<br \/>\n<\/em>&#8211; Jyrki M\u00e4kel\u00e4,&nbsp;<span data-sheets-value=\"{&quot;1&quot;:2,&quot;2&quot;:&quot;Biologi, yl\u00e4koulun opettaja &quot;}\" data-sheets-userformat=\"{&quot;2&quot;:513,&quot;3&quot;:{&quot;1&quot;:0},&quot;12&quot;:0}\">Biologi, yl\u00e4koulun opettaja Kuusamosta<\/span><\/p>\n<p>&nbsp;<\/p>\n<hr>\n<p><em>&#8221;Osallistuin vuosina 2017\u20132018 Siljan johtamaan Vihreiden maatalouspoliittisen ohjelman valmisteluun. Minuun teki suuren vaikutuksen Siljan kyky kuunnella ty\u00f6ryhm\u00e4n j\u00e4senten sek\u00e4 sidosryhmien erilaisia n\u00e4kemyksi\u00e4, tarkastella niit\u00e4 kriittisesti ja saada aikaan hyv\u00e4 lopputulos. H\u00e4nen m\u00e4\u00e4r\u00e4tietoinen ja samalla muut huomioon ottava tapansa tehd\u00e4 politiikkaa on juuri sit\u00e4, mit\u00e4 tarvitaan.&#8221;<br \/>\n<\/em>-Veijo \u00c5berg, yritt\u00e4j\u00e4, Helsinki<\/p>\n<p style=\"text-align: left;\">&nbsp;<\/p>\n<div style=\"padding-bottom:20px; padding-top:10px;\" class=\"hupso-share-buttons\"><!-- Hupso Share Buttons - https:\/\/www.hupso.com\/share\/ --><a class=\"hupso_counters\" href=\"https:\/\/www.hupso.com\/share\/\"><img decoding=\"async\" src=\"https:\/\/static.hupso.com\/share\/buttons\/share-small.png\" style=\"border:0px; padding-top:2px; float:left;\" alt=\"Share Button\"\/><\/a><script type=\"text\/javascript\">var hupso_services_c=new Array(\"twitter\",\"facebook_like\",\"facebook_send\",\"google\");var hupso_counters_lang = \"en_US\";var hupso_image_folder_url = \"\";var hupso_url_c=\"\";var hupso_title_c=\"Minusta%20sanottua\";<\/script><script type=\"text\/javascript\" src=\"https:\/\/static.hupso.com\/share\/js\/counters.js\"><\/script><!-- Hupso Share Buttons --><\/div>","protected":false},"excerpt":{"rendered":"<p>T\u00e4lle sivulle on koottu tekstej\u00e4 ihmisilt\u00e4, jotka haluavat kertoa suosituksensa minusta. Siit\u00e4 heille valtava kiitos! \ud83d\ude42 &nbsp; &#8221;Silja on diplomi-insin\u00f6\u00f6ri, harjaantunut ajattelemaan ratkaisukeskeisesti. H\u00e4n on selke\u00e4, johdonmukainen, pitk\u00e4j\u00e4nteinen ja periaatteellinen.&#8221; -Satu Hassi, Vihre\u00e4 poliitikko &nbsp; &nbsp; \u201dSilja on tehnyt minuun vaikutuksen johdonmukaisella ty\u00f6ll\u00e4\u00e4n sen hyv\u00e4ksi, ett\u00e4 Vihre\u00e4t voisi olla koko maan puolue. H\u00e4n on nostanut [&hellip;]<\/p>\n<div style=\"padding-bottom:20px; padding-top:10px;\" class=\"hupso-share-buttons\"><!-- Hupso Share Buttons - https:\/\/www.hupso.com\/share\/ --><a class=\"hupso_counters\" href=\"https:\/\/www.hupso.com\/share\/\"><img src=\"https:\/\/static.hupso.com\/share\/buttons\/share-small.png\" style=\"border:0px; padding-top:2px; float:left;\" alt=\"Share Button\"\/><\/a><script type=\"text\/javascript\">var hupso_services_c=new Array(\"twitter\",\"facebook_like\",\"facebook_send\",\"google\");var hupso_counters_lang = \"en_US\";var hupso_image_folder_url = \"\";var hupso_url_c=\"\";var hupso_title_c=\"Minusta%20sanottua\";<\/script><script type=\"text\/javascript\" src=\"https:\/\/static.hupso.com\/share\/js\/counters.js\"><\/script><!-- Hupso Share Buttons --><\/div>","protected":false},"author":1,"featured_media":2406,"parent":0,"menu_order":0,"comment_status":"closed","ping_status":"closed","template":"","meta":{"ngg_post_thumbnail":0,"footnotes":""},"class_list":["post-1351","page","type-page","status-publish","has-post-thumbnail"],"yoast_head":"<!-- This site is optimized with the Yoast SEO plugin v27.3 - https:\/\/yoast.com\/product\/yoast-seo-wordpress\/ -->\n<title>Minusta sanottua - Silja Ker\u00e4nen<\/title>\n<meta name=\"description\" content=\"Minusta sanottua - Silja Ker\u00e4nen - &quot;Silja on diplomi-insin\u00f6\u00f6ri, harjaantunut ajattelemaan ratkaisukeskeisesti. H\u00e4n on selke\u00e4, johdonmukainen, pitk\u00e4j\u00e4nteinen ja periaatteellinen.&quot;\" \/>\n<meta name=\"robots\" content=\"index, follow, max-snippet:-1, max-image-preview:large, max-video-preview:-1\" \/>\n<link rel=\"canonical\" href=\"https:\/\/siljakeranen.fi\/blogi\/minusta-sanottua\/\" \/>\n<meta property=\"og:locale\" content=\"fi_FI\" \/>\n<meta property=\"og:type\" content=\"article\" \/>\n<meta property=\"og:title\" content=\"Minusta sanottua - Silja Ker\u00e4nen\" \/>\n<meta property=\"og:description\" content=\"Minusta sanottua - Silja Ker\u00e4nen - &quot;Silja on diplomi-insin\u00f6\u00f6ri, harjaantunut ajattelemaan ratkaisukeskeisesti. H\u00e4n on selke\u00e4, johdonmukainen, pitk\u00e4j\u00e4nteinen ja periaatteellinen.&quot;\" \/>\n<meta property=\"og:url\" content=\"https:\/\/siljakeranen.fi\/blogi\/minusta-sanottua\/\" \/>\n<meta property=\"og:site_name\" content=\"Silja Ker\u00e4nen\" \/>\n<meta property=\"article:publisher\" content=\"https:\/\/www.facebook.com\/siljamkeranen\" \/>\n<meta property=\"article:modified_time\" content=\"2024-06-05T20:03:58+00:00\" \/>\n<meta property=\"og:image\" content=\"https:\/\/siljakeranen.fi\/blogi\/wp-content\/uploads\/2022\/10\/3L3A1804-e1665852640351.jpg\" \/>\n\t<meta property=\"og:image:width\" content=\"2048\" \/>\n\t<meta property=\"og:image:height\" content=\"1365\" \/>\n\t<meta property=\"og:image:type\" content=\"image\/jpeg\" \/>\n<meta name=\"twitter:card\" content=\"summary_large_image\" \/>\n<meta name=\"twitter:site\" content=\"@SiljaMP\" \/>\n<meta name=\"twitter:label1\" content=\"Arvioitu lukuaika\" \/>\n\t<meta name=\"twitter:data1\" content=\"14 minuuttia\" \/>\n<script type=\"application\/ld+json\" class=\"yoast-schema-graph\">{\"@context\":\"https:\\\/\\\/schema.org\",\"@graph\":[{\"@type\":\"WebPage\",\"@id\":\"https:\\\/\\\/siljakeranen.fi\\\/blogi\\\/minusta-sanottua\\\/\",\"url\":\"https:\\\/\\\/siljakeranen.fi\\\/blogi\\\/minusta-sanottua\\\/\",\"name\":\"Minusta sanottua - Silja Ker\u00e4nen\",\"isPartOf\":{\"@id\":\"https:\\\/\\\/siljakeranen.fi\\\/blogi\\\/#website\"},\"primaryImageOfPage\":{\"@id\":\"https:\\\/\\\/siljakeranen.fi\\\/blogi\\\/minusta-sanottua\\\/#primaryimage\"},\"image\":{\"@id\":\"https:\\\/\\\/siljakeranen.fi\\\/blogi\\\/minusta-sanottua\\\/#primaryimage\"},\"thumbnailUrl\":\"https:\\\/\\\/siljakeranen.fi\\\/blogi\\\/wp-content\\\/uploads\\\/2022\\\/10\\\/3L3A1804-e1665852640351.jpg\",\"datePublished\":\"2018-11-23T13:16:45+00:00\",\"dateModified\":\"2024-06-05T20:03:58+00:00\",\"description\":\"Minusta sanottua - Silja Ker\u00e4nen - \\\"Silja on diplomi-insin\u00f6\u00f6ri, harjaantunut ajattelemaan ratkaisukeskeisesti. H\u00e4n on selke\u00e4, johdonmukainen, pitk\u00e4j\u00e4nteinen ja periaatteellinen.\\\"\",\"breadcrumb\":{\"@id\":\"https:\\\/\\\/siljakeranen.fi\\\/blogi\\\/minusta-sanottua\\\/#breadcrumb\"},\"inLanguage\":\"fi\",\"potentialAction\":[{\"@type\":\"ReadAction\",\"target\":[\"https:\\\/\\\/siljakeranen.fi\\\/blogi\\\/minusta-sanottua\\\/\"]}]},{\"@type\":\"ImageObject\",\"inLanguage\":\"fi\",\"@id\":\"https:\\\/\\\/siljakeranen.fi\\\/blogi\\\/minusta-sanottua\\\/#primaryimage\",\"url\":\"https:\\\/\\\/siljakeranen.fi\\\/blogi\\\/wp-content\\\/uploads\\\/2022\\\/10\\\/3L3A1804-e1665852640351.jpg\",\"contentUrl\":\"https:\\\/\\\/siljakeranen.fi\\\/blogi\\\/wp-content\\\/uploads\\\/2022\\\/10\\\/3L3A1804-e1665852640351.jpg\",\"width\":2048,\"height\":1365,\"caption\":\"Silja Ker\u00e4nen\"},{\"@type\":\"BreadcrumbList\",\"@id\":\"https:\\\/\\\/siljakeranen.fi\\\/blogi\\\/minusta-sanottua\\\/#breadcrumb\",\"itemListElement\":[{\"@type\":\"ListItem\",\"position\":1,\"name\":\"Etusivu\",\"item\":\"https:\\\/\\\/siljakeranen.fi\\\/blogi\\\/\"},{\"@type\":\"ListItem\",\"position\":2,\"name\":\"Minusta sanottua\"}]},{\"@type\":\"WebSite\",\"@id\":\"https:\\\/\\\/siljakeranen.fi\\\/blogi\\\/#website\",\"url\":\"https:\\\/\\\/siljakeranen.fi\\\/blogi\\\/\",\"name\":\"Silja Ker\u00e4nen\",\"description\":\"Silja Ker\u00e4nen, kainuulainen vihre\u00e4 poliitikko\",\"publisher\":{\"@id\":\"https:\\\/\\\/siljakeranen.fi\\\/blogi\\\/#\\\/schema\\\/person\\\/d43605ef0d5681c1b27a4ba1fede1cf4\"},\"potentialAction\":[{\"@type\":\"SearchAction\",\"target\":{\"@type\":\"EntryPoint\",\"urlTemplate\":\"https:\\\/\\\/siljakeranen.fi\\\/blogi\\\/?s={search_term_string}\"},\"query-input\":{\"@type\":\"PropertyValueSpecification\",\"valueRequired\":true,\"valueName\":\"search_term_string\"}}],\"inLanguage\":\"fi\"},{\"@type\":[\"Person\",\"Organization\"],\"@id\":\"https:\\\/\\\/siljakeranen.fi\\\/blogi\\\/#\\\/schema\\\/person\\\/d43605ef0d5681c1b27a4ba1fede1cf4\",\"name\":\"Silja\",\"image\":{\"@type\":\"ImageObject\",\"inLanguage\":\"fi\",\"@id\":\"https:\\\/\\\/siljakeranen.fi\\\/blogi\\\/wp-content\\\/uploads\\\/2023\\\/01\\\/cropped-silja_250x100.png\",\"url\":\"https:\\\/\\\/siljakeranen.fi\\\/blogi\\\/wp-content\\\/uploads\\\/2023\\\/01\\\/cropped-silja_250x100.png\",\"contentUrl\":\"https:\\\/\\\/siljakeranen.fi\\\/blogi\\\/wp-content\\\/uploads\\\/2023\\\/01\\\/cropped-silja_250x100.png\",\"width\":250,\"height\":100,\"caption\":\"Silja\"},\"logo\":{\"@id\":\"https:\\\/\\\/siljakeranen.fi\\\/blogi\\\/wp-content\\\/uploads\\\/2023\\\/01\\\/cropped-silja_250x100.png\"},\"sameAs\":[\"http:\\\/\\\/www.siljakeranen.fi\",\"https:\\\/\\\/www.facebook.com\\\/siljamkeranen\",\"https:\\\/\\\/www.instagram.com\\\/siljakeranen\\\/\",\"https:\\\/\\\/www.linkedin.com\\\/in\\\/silja-kernen-4331b548\\\/\",\"https:\\\/\\\/x.com\\\/https:\\\/\\\/twitter.com\\\/SiljaMP\",\"https:\\\/\\\/www.youtube.com\\\/channel\\\/UC0MWeuoWP4-Mjs1z8pIv3GQ\",\"https:\\\/\\\/fi.wikipedia.org\\\/wiki\\\/Silja_Kernen\"]}]}<\/script>\n<!-- \/ Yoast SEO plugin. -->","yoast_head_json":{"title":"Minusta sanottua - Silja Ker\u00e4nen","description":"Minusta sanottua - Silja Ker\u00e4nen - \"Silja on diplomi-insin\u00f6\u00f6ri, harjaantunut ajattelemaan ratkaisukeskeisesti. H\u00e4n on selke\u00e4, johdonmukainen, pitk\u00e4j\u00e4nteinen ja periaatteellinen.\"","robots":{"index":"index","follow":"follow","max-snippet":"max-snippet:-1","max-image-preview":"max-image-preview:large","max-video-preview":"max-video-preview:-1"},"canonical":"https:\/\/siljakeranen.fi\/blogi\/minusta-sanottua\/","og_locale":"fi_FI","og_type":"article","og_title":"Minusta sanottua - Silja Ker\u00e4nen","og_description":"Minusta sanottua - Silja Ker\u00e4nen - \"Silja on diplomi-insin\u00f6\u00f6ri, harjaantunut ajattelemaan ratkaisukeskeisesti. H\u00e4n on selke\u00e4, johdonmukainen, pitk\u00e4j\u00e4nteinen ja periaatteellinen.\"","og_url":"https:\/\/siljakeranen.fi\/blogi\/minusta-sanottua\/","og_site_name":"Silja Ker\u00e4nen","article_publisher":"https:\/\/www.facebook.com\/siljamkeranen","article_modified_time":"2024-06-05T20:03:58+00:00","og_image":[{"width":2048,"height":1365,"url":"https:\/\/siljakeranen.fi\/blogi\/wp-content\/uploads\/2022\/10\/3L3A1804-e1665852640351.jpg","type":"image\/jpeg"}],"twitter_card":"summary_large_image","twitter_site":"@SiljaMP","twitter_misc":{"Arvioitu lukuaika":"14 minuuttia"},"schema":{"@context":"https:\/\/schema.org","@graph":[{"@type":"WebPage","@id":"https:\/\/siljakeranen.fi\/blogi\/minusta-sanottua\/","url":"https:\/\/siljakeranen.fi\/blogi\/minusta-sanottua\/","name":"Minusta sanottua - Silja Ker\u00e4nen","isPartOf":{"@id":"https:\/\/siljakeranen.fi\/blogi\/#website"},"primaryImageOfPage":{"@id":"https:\/\/siljakeranen.fi\/blogi\/minusta-sanottua\/#primaryimage"},"image":{"@id":"https:\/\/siljakeranen.fi\/blogi\/minusta-sanottua\/#primaryimage"},"thumbnailUrl":"https:\/\/siljakeranen.fi\/blogi\/wp-content\/uploads\/2022\/10\/3L3A1804-e1665852640351.jpg","datePublished":"2018-11-23T13:16:45+00:00","dateModified":"2024-06-05T20:03:58+00:00","description":"Minusta sanottua - Silja Ker\u00e4nen - \"Silja on diplomi-insin\u00f6\u00f6ri, harjaantunut ajattelemaan ratkaisukeskeisesti. H\u00e4n on selke\u00e4, johdonmukainen, pitk\u00e4j\u00e4nteinen ja periaatteellinen.\"","breadcrumb":{"@id":"https:\/\/siljakeranen.fi\/blogi\/minusta-sanottua\/#breadcrumb"},"inLanguage":"fi","potentialAction":[{"@type":"ReadAction","target":["https:\/\/siljakeranen.fi\/blogi\/minusta-sanottua\/"]}]},{"@type":"ImageObject","inLanguage":"fi","@id":"https:\/\/siljakeranen.fi\/blogi\/minusta-sanottua\/#primaryimage","url":"https:\/\/siljakeranen.fi\/blogi\/wp-content\/uploads\/2022\/10\/3L3A1804-e1665852640351.jpg","contentUrl":"https:\/\/siljakeranen.fi\/blogi\/wp-content\/uploads\/2022\/10\/3L3A1804-e1665852640351.jpg","width":2048,"height":1365,"caption":"Silja Ker\u00e4nen"},{"@type":"BreadcrumbList","@id":"https:\/\/siljakeranen.fi\/blogi\/minusta-sanottua\/#breadcrumb","itemListElement":[{"@type":"ListItem","position":1,"name":"Etusivu","item":"https:\/\/siljakeranen.fi\/blogi\/"},{"@type":"ListItem","position":2,"name":"Minusta sanottua"}]},{"@type":"WebSite","@id":"https:\/\/siljakeranen.fi\/blogi\/#website","url":"https:\/\/siljakeranen.fi\/blogi\/","name":"Silja Ker\u00e4nen","description":"Silja Ker\u00e4nen, kainuulainen vihre\u00e4 poliitikko","publisher":{"@id":"https:\/\/siljakeranen.fi\/blogi\/#\/schema\/person\/d43605ef0d5681c1b27a4ba1fede1cf4"},"potentialAction":[{"@type":"SearchAction","target":{"@type":"EntryPoint","urlTemplate":"https:\/\/siljakeranen.fi\/blogi\/?s={search_term_string}"},"query-input":{"@type":"PropertyValueSpecification","valueRequired":true,"valueName":"search_term_string"}}],"inLanguage":"fi"},{"@type":["Person","Organization"],"@id":"https:\/\/siljakeranen.fi\/blogi\/#\/schema\/person\/d43605ef0d5681c1b27a4ba1fede1cf4","name":"Silja","image":{"@type":"ImageObject","inLanguage":"fi","@id":"https:\/\/siljakeranen.fi\/blogi\/wp-content\/uploads\/2023\/01\/cropped-silja_250x100.png","url":"https:\/\/siljakeranen.fi\/blogi\/wp-content\/uploads\/2023\/01\/cropped-silja_250x100.png","contentUrl":"https:\/\/siljakeranen.fi\/blogi\/wp-content\/uploads\/2023\/01\/cropped-silja_250x100.png","width":250,"height":100,"caption":"Silja"},"logo":{"@id":"https:\/\/siljakeranen.fi\/blogi\/wp-content\/uploads\/2023\/01\/cropped-silja_250x100.png"},"sameAs":["http:\/\/www.siljakeranen.fi","https:\/\/www.facebook.com\/siljamkeranen","https:\/\/www.instagram.com\/siljakeranen\/","https:\/\/www.linkedin.com\/in\/silja-kernen-4331b548\/","https:\/\/x.com\/https:\/\/twitter.com\/SiljaMP","https:\/\/www.youtube.com\/channel\/UC0MWeuoWP4-Mjs1z8pIv3GQ","https:\/\/fi.wikipedia.org\/wiki\/Silja_Kernen"]}]}},"_links":{"self":[{"href":"https:\/\/siljakeranen.fi\/blogi\/wp-json\/wp\/v2\/pages\/1351","targetHints":{"allow":["GET"]}}],"collection":[{"href":"https:\/\/siljakeranen.fi\/blogi\/wp-json\/wp\/v2\/pages"}],"about":[{"href":"https:\/\/siljakeranen.fi\/blogi\/wp-json\/wp\/v2\/types\/page"}],"author":[{"embeddable":true,"href":"https:\/\/siljakeranen.fi\/blogi\/wp-json\/wp\/v2\/users\/1"}],"replies":[{"embeddable":true,"href":"https:\/\/siljakeranen.fi\/blogi\/wp-json\/wp\/v2\/comments?post=1351"}],"version-history":[{"count":76,"href":"https:\/\/siljakeranen.fi\/blogi\/wp-json\/wp\/v2\/pages\/1351\/revisions"}],"predecessor-version":[{"id":2922,"href":"https:\/\/siljakeranen.fi\/blogi\/wp-json\/wp\/v2\/pages\/1351\/revisions\/2922"}],"wp:featuredmedia":[{"embeddable":true,"href":"https:\/\/siljakeranen.fi\/blogi\/wp-json\/wp\/v2\/media\/2406"}],"wp:attachment":[{"href":"https:\/\/siljakeranen.fi\/blogi\/wp-json\/wp\/v2\/media?parent=1351"}],"curies":[{"name":"wp","href":"https:\/\/api.w.org\/{rel}","templated":true}]}}