{"id":2491,"date":"2022-12-28T13:21:34","date_gmt":"2022-12-28T11:21:34","guid":{"rendered":"https:\/\/siljakeranen.fi\/blogi\/?page_id=2491"},"modified":"2024-09-02T18:29:21","modified_gmt":"2024-09-02T15:29:21","slug":"turvallinen-lapsuus","status":"publish","type":"page","link":"https:\/\/siljakeranen.fi\/blogi\/turvallinen-lapsuus\/","title":{"rendered":"Turvallinen lapsuus"},"content":{"rendered":"<blockquote><p><span style=\"font-weight: 400;\">Meid\u00e4n aikuisten velvollisuus on taata jokaiselle lapselle hyv\u00e4t l\u00e4ht\u00f6kohdat el\u00e4m\u00e4\u00e4n. Suomessa t\u00e4m\u00e4 lupaus on aika hyvin saatu pidetty\u00e4, mutta viel\u00e4<\/span><span style=\"font-weight: 400;\"> meill\u00e4kin <\/span><span style=\"font-weight: 400;\">on paljon<\/span><span style=\"font-weight: 400;\"> tekemist\u00e4.<\/span><\/p><\/blockquote>\n<p>Politiikkaa on teht\u00e4v\u00e4 lasten etu edell\u00e4. Kaikissa p\u00e4\u00e4t\u00f6ksiss\u00e4 on otettava huomioon se, kuinka ne vaikuttavat lapsiin ja heid\u00e4n el\u00e4misen edellytyksiins\u00e4. Omalta osaltani haluan olla varmistamassa sen, ett\u00e4 meid\u00e4n pienimm\u00e4t oikeasti huomioidaan p\u00e4\u00e4t\u00f6ksenteossa ja huolehditaan siit\u00e4, ett\u00e4 jokainen lapsi saa hyv\u00e4t l\u00e4ht\u00f6kohdat el\u00e4m\u00e4\u00e4n. Lasten etujen huomiointi tarkoittaa my\u00f6s sen varmistamista, ett\u00e4 maapallo s\u00e4ilyy elinkelpoisena.&nbsp;<\/p>\n<p><span style=\"font-weight: 400;\">Paljon hyv\u00e4\u00e4 suomalaisen hyvinvointivaltion my\u00f6t\u00e4 on tapahtunut &#8211; neuvolatoiminnasta, peruskouluun ja synnytyksiin. Hyv\u00e4st\u00e4 on tarpeen pit\u00e4\u00e4 kiinni, eik\u00e4 toimivaa kannata muuttaa.&nbsp;<\/span><span style=\"font-weight: 400;\">On kuitenkin valitettava tosiasia, ett\u00e4 kaikki lapset eiv\u00e4t voi hyvin. Kaikkien lasten lapsuus ei ole turvallinen. Kaikilla nuorilla ei ole hyv\u00e4 olla. Meid\u00e4n aikuisten velvollisuus on taata jokaiselle lapselle hyv\u00e4t l\u00e4ht\u00f6kohdat el\u00e4m\u00e4\u00e4n.<\/span><\/p>\n<p><span style=\"font-weight: 400;\">On t\u00e4rke\u00e4\u00e4, ett\u00e4 kuntien ja hyvinvointialueiden sek\u00e4 valtion p\u00e4\u00e4t\u00f6ksenteossa muistetaan meid\u00e4n pienimm\u00e4t. On t\u00e4rke\u00e4\u00e4, ett\u00e4 me teemme p\u00e4\u00e4t\u00f6ksi\u00e4 lasten etu edell\u00e4. Sujuvat neuvolapalvelut, ennaltaehk\u00e4isyyn panostaminen, laadukas varhaiskasvatus, riitt\u00e4v\u00e4n pienet opetusryhm\u00e4t tukipalvelujen ohella ovat meid\u00e4n lasten hyvinvoinnin tae.<\/span><\/p>\n<p>Samalla keskeist\u00e4 on varmistaa se, ett\u00e4 lapsiperhek\u00f6yhyys v\u00e4henee ja lopulta poistuu. Vuonna 2020 <a href=\"https:\/\/itla.fi\/lapsiperhekoyhyys-datana\/\" target=\"_blank\" rel=\"noopener\">noin 12 %<\/a> lapsista kasvoi pienituloisessa perheess\u00e4. Hintojen nousun sek\u00e4 Orpon hallituksen tekemien sosiaaliturvaleikkausten vuoksi yh\u00e4 useampi. Lapsuusi\u00e4ss\u00e4 koetulla k\u00f6yhyydell\u00e4 on todettu olevan monia haitallisia seurauksia. Poliittisin p\u00e4\u00e4t\u00f6ksin on mahdollista parantaa n\u00e4iden lasten ja perheiden tilannetta. Nyt Orpon hallitus pahentaa tilannetta &#8211; t\u00e4m\u00e4 pit\u00e4\u00e4 saada muutettua.&nbsp;<\/p>\n<p><span style=\"font-weight: 400;\">Nuoret ja opiskelijat ansaitsevat my\u00f6s erityishuomion &#8211; ihan ylip\u00e4\u00e4t\u00e4ns\u00e4, mutta etenkin nyt koronan j\u00e4lkimainingeissa ilmastokriisin ja sodan aikana. Toivon ja tulevaisuuden viesti sek\u00e4 sit\u00e4 tukevat konkreettiset p\u00e4\u00e4t\u00f6kset ovat keskeisi\u00e4. Samalla on t\u00e4rke\u00e4\u00e4 huolehtia siit\u00e4, ett\u00e4 nuorille ja opiskelijoille t\u00e4rke\u00e4t palvelut &#8211; esimerkiksi mielenterveyspalvelut &#8211; toimivat kunnolla.&nbsp;<\/span><\/p>\n<p>Lue lis\u00e4\u00e4 kirjoituksiani:<\/p>\n<p style=\"padding-left: 40px;\"><a href=\"https:\/\/siljakeranen.fi\/blogi\/category\/lapset-nuoret\/\" target=\"_blank\" rel=\"noopener\">lapsista ja nuorista<\/a>.<\/p>\n<p>My\u00f6s <a href=\"https:\/\/siljakeranen.fi\/blogi\/category\/sote\/\" target=\"_blank\" rel=\"noopener\">sote-aiheiset<\/a> kirjoitukseni liittyv\u00e4t usein lasten, nuorten ja perheiden asioihin.<\/p>\n<p>&nbsp;&nbsp;<\/p>\n<div style=\"padding-bottom:20px; padding-top:10px;\" class=\"hupso-share-buttons\"><!-- Hupso Share Buttons - https:\/\/www.hupso.com\/share\/ --><a class=\"hupso_counters\" href=\"https:\/\/www.hupso.com\/share\/\"><img decoding=\"async\" src=\"https:\/\/static.hupso.com\/share\/buttons\/share-small.png\" style=\"border:0px; padding-top:2px; float:left;\" alt=\"Share Button\"\/><\/a><script type=\"text\/javascript\">var hupso_services_c=new Array(\"twitter\",\"facebook_like\",\"facebook_send\",\"google\");var hupso_counters_lang = \"en_US\";var hupso_image_folder_url = \"\";var hupso_url_c=\"\";var hupso_title_c=\"Turvallinen%20lapsuus\";<\/script><script type=\"text\/javascript\" src=\"https:\/\/static.hupso.com\/share\/js\/counters.js\"><\/script><!-- Hupso Share Buttons --><\/div>","protected":false},"excerpt":{"rendered":"<p>Meid\u00e4n aikuisten velvollisuus on taata jokaiselle lapselle hyv\u00e4t l\u00e4ht\u00f6kohdat el\u00e4m\u00e4\u00e4n. Suomessa t\u00e4m\u00e4 lupaus on aika hyvin saatu pidetty\u00e4, mutta viel\u00e4 meill\u00e4kin on paljon tekemist\u00e4. Politiikkaa on teht\u00e4v\u00e4 lasten etu edell\u00e4. Kaikissa p\u00e4\u00e4t\u00f6ksiss\u00e4 on otettava huomioon se, kuinka ne vaikuttavat lapsiin ja heid\u00e4n el\u00e4misen edellytyksiins\u00e4. Omalta osaltani haluan olla varmistamassa sen, ett\u00e4 meid\u00e4n pienimm\u00e4t oikeasti huomioidaan [&hellip;]<\/p>\n<div style=\"padding-bottom:20px; padding-top:10px;\" class=\"hupso-share-buttons\"><!-- Hupso Share Buttons - https:\/\/www.hupso.com\/share\/ --><a class=\"hupso_counters\" href=\"https:\/\/www.hupso.com\/share\/\"><img src=\"https:\/\/static.hupso.com\/share\/buttons\/share-small.png\" style=\"border:0px; padding-top:2px; float:left;\" alt=\"Share Button\"\/><\/a><script type=\"text\/javascript\">var hupso_services_c=new Array(\"twitter\",\"facebook_like\",\"facebook_send\",\"google\");var hupso_counters_lang = \"en_US\";var hupso_image_folder_url = \"\";var hupso_url_c=\"\";var hupso_title_c=\"Turvallinen%20lapsuus\";<\/script><script type=\"text\/javascript\" src=\"https:\/\/static.hupso.com\/share\/js\/counters.js\"><\/script><!-- Hupso Share Buttons --><\/div>","protected":false},"author":1,"featured_media":2496,"parent":0,"menu_order":0,"comment_status":"closed","ping_status":"closed","template":"","meta":{"ngg_post_thumbnail":0,"footnotes":""},"class_list":["post-2491","page","type-page","status-publish","has-post-thumbnail"],"yoast_head":"<!-- This site is optimized with the Yoast SEO plugin v27.3 - https:\/\/yoast.com\/product\/yoast-seo-wordpress\/ -->\n<title>Turvallinen lapsuus - Silja Ker\u00e4nen<\/title>\n<meta name=\"description\" content=\"Turvallinen lapsuus - Silja Ker\u00e4nen - Meid\u00e4n aikuisten velvollisuus on taata jokaiselle lapselle hyv\u00e4t l\u00e4ht\u00f6kohdat el\u00e4m\u00e4\u00e4n.\" \/>\n<meta name=\"robots\" content=\"index, follow, max-snippet:-1, max-image-preview:large, max-video-preview:-1\" \/>\n<link rel=\"canonical\" href=\"https:\/\/siljakeranen.fi\/blogi\/turvallinen-lapsuus\/\" \/>\n<meta property=\"og:locale\" content=\"fi_FI\" \/>\n<meta property=\"og:type\" content=\"article\" \/>\n<meta property=\"og:title\" content=\"Turvallinen lapsuus - Silja Ker\u00e4nen\" \/>\n<meta property=\"og:description\" content=\"Turvallinen lapsuus - Silja Ker\u00e4nen - Meid\u00e4n aikuisten velvollisuus on taata jokaiselle lapselle hyv\u00e4t l\u00e4ht\u00f6kohdat el\u00e4m\u00e4\u00e4n.\" \/>\n<meta property=\"og:url\" content=\"https:\/\/siljakeranen.fi\/blogi\/turvallinen-lapsuus\/\" \/>\n<meta property=\"og:site_name\" content=\"Silja Ker\u00e4nen\" \/>\n<meta property=\"article:publisher\" content=\"https:\/\/www.facebook.com\/siljamkeranen\" \/>\n<meta property=\"article:modified_time\" content=\"2024-09-02T15:29:21+00:00\" \/>\n<meta property=\"og:image\" content=\"https:\/\/siljakeranen.fi\/blogi\/wp-content\/uploads\/2022\/12\/3L3A2438-scaled-e1672228114480.jpg\" \/>\n\t<meta property=\"og:image:width\" content=\"1705\" \/>\n\t<meta property=\"og:image:height\" content=\"1886\" \/>\n\t<meta property=\"og:image:type\" content=\"image\/jpeg\" \/>\n<meta name=\"twitter:card\" content=\"summary_large_image\" \/>\n<meta name=\"twitter:site\" content=\"@SiljaMP\" \/>\n<meta name=\"twitter:label1\" content=\"Arvioitu lukuaika\" \/>\n\t<meta name=\"twitter:data1\" content=\"2 minuuttia\" \/>\n<script type=\"application\/ld+json\" class=\"yoast-schema-graph\">{\"@context\":\"https:\\\/\\\/schema.org\",\"@graph\":[{\"@type\":\"WebPage\",\"@id\":\"https:\\\/\\\/siljakeranen.fi\\\/blogi\\\/turvallinen-lapsuus\\\/\",\"url\":\"https:\\\/\\\/siljakeranen.fi\\\/blogi\\\/turvallinen-lapsuus\\\/\",\"name\":\"Turvallinen lapsuus - Silja Ker\u00e4nen\",\"isPartOf\":{\"@id\":\"https:\\\/\\\/siljakeranen.fi\\\/blogi\\\/#website\"},\"primaryImageOfPage\":{\"@id\":\"https:\\\/\\\/siljakeranen.fi\\\/blogi\\\/turvallinen-lapsuus\\\/#primaryimage\"},\"image\":{\"@id\":\"https:\\\/\\\/siljakeranen.fi\\\/blogi\\\/turvallinen-lapsuus\\\/#primaryimage\"},\"thumbnailUrl\":\"https:\\\/\\\/siljakeranen.fi\\\/blogi\\\/wp-content\\\/uploads\\\/2022\\\/12\\\/3L3A2438-scaled-e1672228114480.jpg\",\"datePublished\":\"2022-12-28T11:21:34+00:00\",\"dateModified\":\"2024-09-02T15:29:21+00:00\",\"description\":\"Turvallinen lapsuus - Silja Ker\u00e4nen - Meid\u00e4n aikuisten velvollisuus on taata jokaiselle lapselle hyv\u00e4t l\u00e4ht\u00f6kohdat el\u00e4m\u00e4\u00e4n.\",\"breadcrumb\":{\"@id\":\"https:\\\/\\\/siljakeranen.fi\\\/blogi\\\/turvallinen-lapsuus\\\/#breadcrumb\"},\"inLanguage\":\"fi\",\"potentialAction\":[{\"@type\":\"ReadAction\",\"target\":[\"https:\\\/\\\/siljakeranen.fi\\\/blogi\\\/turvallinen-lapsuus\\\/\"]}]},{\"@type\":\"ImageObject\",\"inLanguage\":\"fi\",\"@id\":\"https:\\\/\\\/siljakeranen.fi\\\/blogi\\\/turvallinen-lapsuus\\\/#primaryimage\",\"url\":\"https:\\\/\\\/siljakeranen.fi\\\/blogi\\\/wp-content\\\/uploads\\\/2022\\\/12\\\/3L3A2438-scaled-e1672228114480.jpg\",\"contentUrl\":\"https:\\\/\\\/siljakeranen.fi\\\/blogi\\\/wp-content\\\/uploads\\\/2022\\\/12\\\/3L3A2438-scaled-e1672228114480.jpg\",\"width\":1705,\"height\":1886,\"caption\":\"Silja Ker\u00e4nen\"},{\"@type\":\"BreadcrumbList\",\"@id\":\"https:\\\/\\\/siljakeranen.fi\\\/blogi\\\/turvallinen-lapsuus\\\/#breadcrumb\",\"itemListElement\":[{\"@type\":\"ListItem\",\"position\":1,\"name\":\"Etusivu\",\"item\":\"https:\\\/\\\/siljakeranen.fi\\\/blogi\\\/\"},{\"@type\":\"ListItem\",\"position\":2,\"name\":\"Turvallinen lapsuus\"}]},{\"@type\":\"WebSite\",\"@id\":\"https:\\\/\\\/siljakeranen.fi\\\/blogi\\\/#website\",\"url\":\"https:\\\/\\\/siljakeranen.fi\\\/blogi\\\/\",\"name\":\"Silja Ker\u00e4nen\",\"description\":\"Silja Ker\u00e4nen, kainuulainen vihre\u00e4 poliitikko\",\"publisher\":{\"@id\":\"https:\\\/\\\/siljakeranen.fi\\\/blogi\\\/#\\\/schema\\\/person\\\/d43605ef0d5681c1b27a4ba1fede1cf4\"},\"potentialAction\":[{\"@type\":\"SearchAction\",\"target\":{\"@type\":\"EntryPoint\",\"urlTemplate\":\"https:\\\/\\\/siljakeranen.fi\\\/blogi\\\/?s={search_term_string}\"},\"query-input\":{\"@type\":\"PropertyValueSpecification\",\"valueRequired\":true,\"valueName\":\"search_term_string\"}}],\"inLanguage\":\"fi\"},{\"@type\":[\"Person\",\"Organization\"],\"@id\":\"https:\\\/\\\/siljakeranen.fi\\\/blogi\\\/#\\\/schema\\\/person\\\/d43605ef0d5681c1b27a4ba1fede1cf4\",\"name\":\"Silja\",\"image\":{\"@type\":\"ImageObject\",\"inLanguage\":\"fi\",\"@id\":\"https:\\\/\\\/siljakeranen.fi\\\/blogi\\\/wp-content\\\/uploads\\\/2023\\\/01\\\/cropped-silja_250x100.png\",\"url\":\"https:\\\/\\\/siljakeranen.fi\\\/blogi\\\/wp-content\\\/uploads\\\/2023\\\/01\\\/cropped-silja_250x100.png\",\"contentUrl\":\"https:\\\/\\\/siljakeranen.fi\\\/blogi\\\/wp-content\\\/uploads\\\/2023\\\/01\\\/cropped-silja_250x100.png\",\"width\":250,\"height\":100,\"caption\":\"Silja\"},\"logo\":{\"@id\":\"https:\\\/\\\/siljakeranen.fi\\\/blogi\\\/wp-content\\\/uploads\\\/2023\\\/01\\\/cropped-silja_250x100.png\"},\"sameAs\":[\"http:\\\/\\\/www.siljakeranen.fi\",\"https:\\\/\\\/www.facebook.com\\\/siljamkeranen\",\"https:\\\/\\\/www.instagram.com\\\/siljakeranen\\\/\",\"https:\\\/\\\/www.linkedin.com\\\/in\\\/silja-kernen-4331b548\\\/\",\"https:\\\/\\\/x.com\\\/https:\\\/\\\/twitter.com\\\/SiljaMP\",\"https:\\\/\\\/www.youtube.com\\\/channel\\\/UC0MWeuoWP4-Mjs1z8pIv3GQ\",\"https:\\\/\\\/fi.wikipedia.org\\\/wiki\\\/Silja_Kernen\"]}]}<\/script>\n<!-- \/ Yoast SEO plugin. -->","yoast_head_json":{"title":"Turvallinen lapsuus - Silja Ker\u00e4nen","description":"Turvallinen lapsuus - Silja Ker\u00e4nen - Meid\u00e4n aikuisten velvollisuus on taata jokaiselle lapselle hyv\u00e4t l\u00e4ht\u00f6kohdat el\u00e4m\u00e4\u00e4n.","robots":{"index":"index","follow":"follow","max-snippet":"max-snippet:-1","max-image-preview":"max-image-preview:large","max-video-preview":"max-video-preview:-1"},"canonical":"https:\/\/siljakeranen.fi\/blogi\/turvallinen-lapsuus\/","og_locale":"fi_FI","og_type":"article","og_title":"Turvallinen lapsuus - Silja Ker\u00e4nen","og_description":"Turvallinen lapsuus - Silja Ker\u00e4nen - Meid\u00e4n aikuisten velvollisuus on taata jokaiselle lapselle hyv\u00e4t l\u00e4ht\u00f6kohdat el\u00e4m\u00e4\u00e4n.","og_url":"https:\/\/siljakeranen.fi\/blogi\/turvallinen-lapsuus\/","og_site_name":"Silja Ker\u00e4nen","article_publisher":"https:\/\/www.facebook.com\/siljamkeranen","article_modified_time":"2024-09-02T15:29:21+00:00","og_image":[{"width":1705,"height":1886,"url":"https:\/\/siljakeranen.fi\/blogi\/wp-content\/uploads\/2022\/12\/3L3A2438-scaled-e1672228114480.jpg","type":"image\/jpeg"}],"twitter_card":"summary_large_image","twitter_site":"@SiljaMP","twitter_misc":{"Arvioitu lukuaika":"2 minuuttia"},"schema":{"@context":"https:\/\/schema.org","@graph":[{"@type":"WebPage","@id":"https:\/\/siljakeranen.fi\/blogi\/turvallinen-lapsuus\/","url":"https:\/\/siljakeranen.fi\/blogi\/turvallinen-lapsuus\/","name":"Turvallinen lapsuus - Silja Ker\u00e4nen","isPartOf":{"@id":"https:\/\/siljakeranen.fi\/blogi\/#website"},"primaryImageOfPage":{"@id":"https:\/\/siljakeranen.fi\/blogi\/turvallinen-lapsuus\/#primaryimage"},"image":{"@id":"https:\/\/siljakeranen.fi\/blogi\/turvallinen-lapsuus\/#primaryimage"},"thumbnailUrl":"https:\/\/siljakeranen.fi\/blogi\/wp-content\/uploads\/2022\/12\/3L3A2438-scaled-e1672228114480.jpg","datePublished":"2022-12-28T11:21:34+00:00","dateModified":"2024-09-02T15:29:21+00:00","description":"Turvallinen lapsuus - Silja Ker\u00e4nen - Meid\u00e4n aikuisten velvollisuus on taata jokaiselle lapselle hyv\u00e4t l\u00e4ht\u00f6kohdat el\u00e4m\u00e4\u00e4n.","breadcrumb":{"@id":"https:\/\/siljakeranen.fi\/blogi\/turvallinen-lapsuus\/#breadcrumb"},"inLanguage":"fi","potentialAction":[{"@type":"ReadAction","target":["https:\/\/siljakeranen.fi\/blogi\/turvallinen-lapsuus\/"]}]},{"@type":"ImageObject","inLanguage":"fi","@id":"https:\/\/siljakeranen.fi\/blogi\/turvallinen-lapsuus\/#primaryimage","url":"https:\/\/siljakeranen.fi\/blogi\/wp-content\/uploads\/2022\/12\/3L3A2438-scaled-e1672228114480.jpg","contentUrl":"https:\/\/siljakeranen.fi\/blogi\/wp-content\/uploads\/2022\/12\/3L3A2438-scaled-e1672228114480.jpg","width":1705,"height":1886,"caption":"Silja Ker\u00e4nen"},{"@type":"BreadcrumbList","@id":"https:\/\/siljakeranen.fi\/blogi\/turvallinen-lapsuus\/#breadcrumb","itemListElement":[{"@type":"ListItem","position":1,"name":"Etusivu","item":"https:\/\/siljakeranen.fi\/blogi\/"},{"@type":"ListItem","position":2,"name":"Turvallinen lapsuus"}]},{"@type":"WebSite","@id":"https:\/\/siljakeranen.fi\/blogi\/#website","url":"https:\/\/siljakeranen.fi\/blogi\/","name":"Silja Ker\u00e4nen","description":"Silja Ker\u00e4nen, kainuulainen vihre\u00e4 poliitikko","publisher":{"@id":"https:\/\/siljakeranen.fi\/blogi\/#\/schema\/person\/d43605ef0d5681c1b27a4ba1fede1cf4"},"potentialAction":[{"@type":"SearchAction","target":{"@type":"EntryPoint","urlTemplate":"https:\/\/siljakeranen.fi\/blogi\/?s={search_term_string}"},"query-input":{"@type":"PropertyValueSpecification","valueRequired":true,"valueName":"search_term_string"}}],"inLanguage":"fi"},{"@type":["Person","Organization"],"@id":"https:\/\/siljakeranen.fi\/blogi\/#\/schema\/person\/d43605ef0d5681c1b27a4ba1fede1cf4","name":"Silja","image":{"@type":"ImageObject","inLanguage":"fi","@id":"https:\/\/siljakeranen.fi\/blogi\/wp-content\/uploads\/2023\/01\/cropped-silja_250x100.png","url":"https:\/\/siljakeranen.fi\/blogi\/wp-content\/uploads\/2023\/01\/cropped-silja_250x100.png","contentUrl":"https:\/\/siljakeranen.fi\/blogi\/wp-content\/uploads\/2023\/01\/cropped-silja_250x100.png","width":250,"height":100,"caption":"Silja"},"logo":{"@id":"https:\/\/siljakeranen.fi\/blogi\/wp-content\/uploads\/2023\/01\/cropped-silja_250x100.png"},"sameAs":["http:\/\/www.siljakeranen.fi","https:\/\/www.facebook.com\/siljamkeranen","https:\/\/www.instagram.com\/siljakeranen\/","https:\/\/www.linkedin.com\/in\/silja-kernen-4331b548\/","https:\/\/x.com\/https:\/\/twitter.com\/SiljaMP","https:\/\/www.youtube.com\/channel\/UC0MWeuoWP4-Mjs1z8pIv3GQ","https:\/\/fi.wikipedia.org\/wiki\/Silja_Kernen"]}]}},"_links":{"self":[{"href":"https:\/\/siljakeranen.fi\/blogi\/wp-json\/wp\/v2\/pages\/2491","targetHints":{"allow":["GET"]}}],"collection":[{"href":"https:\/\/siljakeranen.fi\/blogi\/wp-json\/wp\/v2\/pages"}],"about":[{"href":"https:\/\/siljakeranen.fi\/blogi\/wp-json\/wp\/v2\/types\/page"}],"author":[{"embeddable":true,"href":"https:\/\/siljakeranen.fi\/blogi\/wp-json\/wp\/v2\/users\/1"}],"replies":[{"embeddable":true,"href":"https:\/\/siljakeranen.fi\/blogi\/wp-json\/wp\/v2\/comments?post=2491"}],"version-history":[{"count":13,"href":"https:\/\/siljakeranen.fi\/blogi\/wp-json\/wp\/v2\/pages\/2491\/revisions"}],"predecessor-version":[{"id":2940,"href":"https:\/\/siljakeranen.fi\/blogi\/wp-json\/wp\/v2\/pages\/2491\/revisions\/2940"}],"wp:featuredmedia":[{"embeddable":true,"href":"https:\/\/siljakeranen.fi\/blogi\/wp-json\/wp\/v2\/media\/2496"}],"wp:attachment":[{"href":"https:\/\/siljakeranen.fi\/blogi\/wp-json\/wp\/v2\/media?parent=2491"}],"curies":[{"name":"wp","href":"https:\/\/api.w.org\/{rel}","templated":true}]}}