{"id":2523,"date":"2023-01-01T15:34:18","date_gmt":"2023-01-01T13:34:18","guid":{"rendered":"https:\/\/siljakeranen.fi\/blogi\/?page_id=2523"},"modified":"2025-11-14T14:03:32","modified_gmt":"2025-11-14T12:03:32","slug":"teemat","status":"publish","type":"page","link":"https:\/\/siljakeranen.fi\/blogi\/teemat\/","title":{"rendered":"Teemat"},"content":{"rendered":"<p>L\u00e4hdin politiikkaan mukaan siksi, kun ymm\u00e4rsin, ett\u00e4 me elet\u00e4\u00e4n aivan yli varojemme maapallon kantokyvyn suhteen. Ekologiset kriisit etenev\u00e4t ja niille todella pit\u00e4\u00e4 tehd\u00e4 jotain. Viel\u00e4p\u00e4 aika paljon ja aika nopeasti. N\u00e4m\u00e4 teemat ovat edelleenkin oman tekemiseni keski\u00f6ss\u00e4. Olen hieman painottanut omaa tekemist\u00e4ni etenkin maa- ja mets\u00e4talouteen, koska siell\u00e4 puolella on selvin tarve isoille muutoksille.&nbsp;<\/p>\n<p>Kun olen saanut toimia luottamusteht\u00e4viss\u00e4 on moni n\u00e4k\u00f6kulma laajentunut. Siit\u00e4 syyst\u00e4 my\u00f6s ihmisten hyvinvointi, lasten ja nuorten asiat sek\u00e4 meid\u00e4n maakuntien, maaseudun ja isojen kaupunkien ulkopuolisen Suomen asiat ovat todellakin l\u00e4hell\u00e4 syd\u00e4nt\u00e4.&nbsp;<\/p>\n<p>Olen hahmotellut nelj\u00e4 teemaa seuraavasti&nbsp;<\/p>\n<p style=\"padding-left: 40px;\"><a href=\"https:\/\/siljakeranen.fi\/blogi\/monimuotoiset-metsat\/\" target=\"_blank\" rel=\"noopener\">Monimuotoiset mets\u00e4t<\/a><\/p>\n<p style=\"padding-left: 40px;\"><a href=\"https:\/\/siljakeranen.fi\/blogi\/turvallinen-lapsuus\/\" target=\"_blank\" rel=\"noopener\">Turvallinen lapsuus<\/a><\/p>\n<p style=\"padding-left: 40px;\"><a href=\"https:\/\/siljakeranen.fi\/blogi\/kestava-ruoantuotanto\/\" target=\"_blank\" rel=\"noopener\">Kest\u00e4v\u00e4 ruoantuotanto<\/a><\/p>\n<p style=\"padding-left: 40px;\"><a href=\"https:\/\/siljakeranen.fi\/blogi\/menestyva-maaseutu\/\" target=\"_blank\" rel=\"noopener\">Menestyv\u00e4 maaseutu<\/a><\/p>\n<p>&nbsp; &nbsp; &nbsp; &nbsp;<\/p>\n<div style=\"padding-bottom:20px; padding-top:10px;\" class=\"hupso-share-buttons\"><!-- Hupso Share Buttons - https:\/\/www.hupso.com\/share\/ --><a class=\"hupso_counters\" href=\"https:\/\/www.hupso.com\/share\/\"><img decoding=\"async\" src=\"https:\/\/static.hupso.com\/share\/buttons\/share-small.png\" style=\"border:0px; padding-top:2px; float:left;\" alt=\"Share Button\"\/><\/a><script type=\"text\/javascript\">var hupso_services_c=new Array(\"twitter\",\"facebook_like\",\"facebook_send\",\"google\");var hupso_counters_lang = \"en_US\";var hupso_image_folder_url = \"\";var hupso_url_c=\"\";var hupso_title_c=\"Teemat\";<\/script><script type=\"text\/javascript\" src=\"https:\/\/static.hupso.com\/share\/js\/counters.js\"><\/script><!-- Hupso Share Buttons --><\/div>","protected":false},"excerpt":{"rendered":"<p>L\u00e4hdin politiikkaan mukaan siksi, kun ymm\u00e4rsin, ett\u00e4 me elet\u00e4\u00e4n aivan yli varojemme maapallon kantokyvyn suhteen. Ekologiset kriisit etenev\u00e4t ja niille todella pit\u00e4\u00e4 tehd\u00e4 jotain. Viel\u00e4p\u00e4 aika paljon ja aika nopeasti. N\u00e4m\u00e4 teemat ovat edelleenkin oman tekemiseni keski\u00f6ss\u00e4. Olen hieman painottanut omaa tekemist\u00e4ni etenkin maa- ja mets\u00e4talouteen, koska siell\u00e4 puolella on selvin tarve isoille muutoksille.&nbsp; Kun [&hellip;]<\/p>\n<div style=\"padding-bottom:20px; padding-top:10px;\" class=\"hupso-share-buttons\"><!-- Hupso Share Buttons - https:\/\/www.hupso.com\/share\/ --><a class=\"hupso_counters\" href=\"https:\/\/www.hupso.com\/share\/\"><img src=\"https:\/\/static.hupso.com\/share\/buttons\/share-small.png\" style=\"border:0px; padding-top:2px; float:left;\" alt=\"Share Button\"\/><\/a><script type=\"text\/javascript\">var hupso_services_c=new Array(\"twitter\",\"facebook_like\",\"facebook_send\",\"google\");var hupso_counters_lang = \"en_US\";var hupso_image_folder_url = \"\";var hupso_url_c=\"\";var hupso_title_c=\"Teemat\";<\/script><script type=\"text\/javascript\" src=\"https:\/\/static.hupso.com\/share\/js\/counters.js\"><\/script><!-- Hupso Share Buttons --><\/div>","protected":false},"author":1,"featured_media":2505,"parent":0,"menu_order":0,"comment_status":"closed","ping_status":"closed","template":"","meta":{"ngg_post_thumbnail":0,"footnotes":""},"class_list":["post-2523","page","type-page","status-publish","has-post-thumbnail"],"yoast_head":"<!-- This site is optimized with the Yoast SEO plugin v27.3 - https:\/\/yoast.com\/product\/yoast-seo-wordpress\/ -->\n<title>Teemat - Silja Ker\u00e4nen<\/title>\n<meta name=\"description\" content=\"Silja Ker\u00e4nen - Eduskuntavaaliteemat: turvallinen lapsuus, monimuotoinen luonto, osaava kansakunta, kest\u00e4v\u00e4 talous, hyvinvoivat ihmiset ja menestyv\u00e4t alueet\" \/>\n<meta name=\"robots\" content=\"index, follow, max-snippet:-1, max-image-preview:large, max-video-preview:-1\" \/>\n<link rel=\"canonical\" href=\"https:\/\/siljakeranen.fi\/blogi\/teemat\/\" \/>\n<meta property=\"og:locale\" content=\"fi_FI\" \/>\n<meta property=\"og:type\" content=\"article\" \/>\n<meta property=\"og:title\" content=\"Teemat - Silja Ker\u00e4nen\" \/>\n<meta property=\"og:description\" content=\"Silja Ker\u00e4nen - Eduskuntavaaliteemat: turvallinen lapsuus, monimuotoinen luonto, osaava kansakunta, kest\u00e4v\u00e4 talous, hyvinvoivat ihmiset ja menestyv\u00e4t alueet\" \/>\n<meta property=\"og:url\" content=\"https:\/\/siljakeranen.fi\/blogi\/teemat\/\" \/>\n<meta property=\"og:site_name\" content=\"Silja Ker\u00e4nen\" \/>\n<meta property=\"article:publisher\" content=\"https:\/\/www.facebook.com\/siljamkeranen\" \/>\n<meta property=\"article:modified_time\" content=\"2025-11-14T12:03:32+00:00\" \/>\n<meta property=\"og:image\" content=\"https:\/\/siljakeranen.fi\/blogi\/wp-content\/uploads\/2022\/12\/3L3A9919-e1672230586347.jpg\" \/>\n\t<meta property=\"og:image:width\" content=\"2012\" \/>\n\t<meta property=\"og:image:height\" content=\"1203\" \/>\n\t<meta property=\"og:image:type\" content=\"image\/jpeg\" \/>\n<meta name=\"twitter:card\" content=\"summary_large_image\" \/>\n<meta name=\"twitter:site\" content=\"@SiljaMP\" \/>\n<meta name=\"twitter:label1\" content=\"Arvioitu lukuaika\" \/>\n\t<meta name=\"twitter:data1\" content=\"1 minuutti\" \/>\n<script type=\"application\/ld+json\" class=\"yoast-schema-graph\">{\"@context\":\"https:\\\/\\\/schema.org\",\"@graph\":[{\"@type\":\"WebPage\",\"@id\":\"https:\\\/\\\/siljakeranen.fi\\\/blogi\\\/teemat\\\/\",\"url\":\"https:\\\/\\\/siljakeranen.fi\\\/blogi\\\/teemat\\\/\",\"name\":\"Teemat - Silja Ker\u00e4nen\",\"isPartOf\":{\"@id\":\"https:\\\/\\\/siljakeranen.fi\\\/blogi\\\/#website\"},\"primaryImageOfPage\":{\"@id\":\"https:\\\/\\\/siljakeranen.fi\\\/blogi\\\/teemat\\\/#primaryimage\"},\"image\":{\"@id\":\"https:\\\/\\\/siljakeranen.fi\\\/blogi\\\/teemat\\\/#primaryimage\"},\"thumbnailUrl\":\"https:\\\/\\\/siljakeranen.fi\\\/blogi\\\/wp-content\\\/uploads\\\/2022\\\/12\\\/3L3A9919-e1672230586347.jpg\",\"datePublished\":\"2023-01-01T13:34:18+00:00\",\"dateModified\":\"2025-11-14T12:03:32+00:00\",\"description\":\"Silja Ker\u00e4nen - Eduskuntavaaliteemat: turvallinen lapsuus, monimuotoinen luonto, osaava kansakunta, kest\u00e4v\u00e4 talous, hyvinvoivat ihmiset ja menestyv\u00e4t alueet\",\"breadcrumb\":{\"@id\":\"https:\\\/\\\/siljakeranen.fi\\\/blogi\\\/teemat\\\/#breadcrumb\"},\"inLanguage\":\"fi\",\"potentialAction\":[{\"@type\":\"ReadAction\",\"target\":[\"https:\\\/\\\/siljakeranen.fi\\\/blogi\\\/teemat\\\/\"]}]},{\"@type\":\"ImageObject\",\"inLanguage\":\"fi\",\"@id\":\"https:\\\/\\\/siljakeranen.fi\\\/blogi\\\/teemat\\\/#primaryimage\",\"url\":\"https:\\\/\\\/siljakeranen.fi\\\/blogi\\\/wp-content\\\/uploads\\\/2022\\\/12\\\/3L3A9919-e1672230586347.jpg\",\"contentUrl\":\"https:\\\/\\\/siljakeranen.fi\\\/blogi\\\/wp-content\\\/uploads\\\/2022\\\/12\\\/3L3A9919-e1672230586347.jpg\",\"width\":2012,\"height\":1203,\"caption\":\"Silja Ker\u00e4nen\"},{\"@type\":\"BreadcrumbList\",\"@id\":\"https:\\\/\\\/siljakeranen.fi\\\/blogi\\\/teemat\\\/#breadcrumb\",\"itemListElement\":[{\"@type\":\"ListItem\",\"position\":1,\"name\":\"Etusivu\",\"item\":\"https:\\\/\\\/siljakeranen.fi\\\/blogi\\\/\"},{\"@type\":\"ListItem\",\"position\":2,\"name\":\"Teemat\"}]},{\"@type\":\"WebSite\",\"@id\":\"https:\\\/\\\/siljakeranen.fi\\\/blogi\\\/#website\",\"url\":\"https:\\\/\\\/siljakeranen.fi\\\/blogi\\\/\",\"name\":\"Silja Ker\u00e4nen\",\"description\":\"Silja Ker\u00e4nen, kainuulainen vihre\u00e4 poliitikko\",\"publisher\":{\"@id\":\"https:\\\/\\\/siljakeranen.fi\\\/blogi\\\/#\\\/schema\\\/person\\\/d43605ef0d5681c1b27a4ba1fede1cf4\"},\"potentialAction\":[{\"@type\":\"SearchAction\",\"target\":{\"@type\":\"EntryPoint\",\"urlTemplate\":\"https:\\\/\\\/siljakeranen.fi\\\/blogi\\\/?s={search_term_string}\"},\"query-input\":{\"@type\":\"PropertyValueSpecification\",\"valueRequired\":true,\"valueName\":\"search_term_string\"}}],\"inLanguage\":\"fi\"},{\"@type\":[\"Person\",\"Organization\"],\"@id\":\"https:\\\/\\\/siljakeranen.fi\\\/blogi\\\/#\\\/schema\\\/person\\\/d43605ef0d5681c1b27a4ba1fede1cf4\",\"name\":\"Silja\",\"image\":{\"@type\":\"ImageObject\",\"inLanguage\":\"fi\",\"@id\":\"https:\\\/\\\/siljakeranen.fi\\\/blogi\\\/wp-content\\\/uploads\\\/2023\\\/01\\\/cropped-silja_250x100.png\",\"url\":\"https:\\\/\\\/siljakeranen.fi\\\/blogi\\\/wp-content\\\/uploads\\\/2023\\\/01\\\/cropped-silja_250x100.png\",\"contentUrl\":\"https:\\\/\\\/siljakeranen.fi\\\/blogi\\\/wp-content\\\/uploads\\\/2023\\\/01\\\/cropped-silja_250x100.png\",\"width\":250,\"height\":100,\"caption\":\"Silja\"},\"logo\":{\"@id\":\"https:\\\/\\\/siljakeranen.fi\\\/blogi\\\/wp-content\\\/uploads\\\/2023\\\/01\\\/cropped-silja_250x100.png\"},\"sameAs\":[\"http:\\\/\\\/www.siljakeranen.fi\",\"https:\\\/\\\/www.facebook.com\\\/siljamkeranen\",\"https:\\\/\\\/www.instagram.com\\\/siljakeranen\\\/\",\"https:\\\/\\\/www.linkedin.com\\\/in\\\/silja-kernen-4331b548\\\/\",\"https:\\\/\\\/x.com\\\/https:\\\/\\\/twitter.com\\\/SiljaMP\",\"https:\\\/\\\/www.youtube.com\\\/channel\\\/UC0MWeuoWP4-Mjs1z8pIv3GQ\",\"https:\\\/\\\/fi.wikipedia.org\\\/wiki\\\/Silja_Kernen\"]}]}<\/script>\n<!-- \/ Yoast SEO plugin. -->","yoast_head_json":{"title":"Teemat - Silja Ker\u00e4nen","description":"Silja Ker\u00e4nen - Eduskuntavaaliteemat: turvallinen lapsuus, monimuotoinen luonto, osaava kansakunta, kest\u00e4v\u00e4 talous, hyvinvoivat ihmiset ja menestyv\u00e4t alueet","robots":{"index":"index","follow":"follow","max-snippet":"max-snippet:-1","max-image-preview":"max-image-preview:large","max-video-preview":"max-video-preview:-1"},"canonical":"https:\/\/siljakeranen.fi\/blogi\/teemat\/","og_locale":"fi_FI","og_type":"article","og_title":"Teemat - Silja Ker\u00e4nen","og_description":"Silja Ker\u00e4nen - Eduskuntavaaliteemat: turvallinen lapsuus, monimuotoinen luonto, osaava kansakunta, kest\u00e4v\u00e4 talous, hyvinvoivat ihmiset ja menestyv\u00e4t alueet","og_url":"https:\/\/siljakeranen.fi\/blogi\/teemat\/","og_site_name":"Silja Ker\u00e4nen","article_publisher":"https:\/\/www.facebook.com\/siljamkeranen","article_modified_time":"2025-11-14T12:03:32+00:00","og_image":[{"width":2012,"height":1203,"url":"https:\/\/siljakeranen.fi\/blogi\/wp-content\/uploads\/2022\/12\/3L3A9919-e1672230586347.jpg","type":"image\/jpeg"}],"twitter_card":"summary_large_image","twitter_site":"@SiljaMP","twitter_misc":{"Arvioitu lukuaika":"1 minuutti"},"schema":{"@context":"https:\/\/schema.org","@graph":[{"@type":"WebPage","@id":"https:\/\/siljakeranen.fi\/blogi\/teemat\/","url":"https:\/\/siljakeranen.fi\/blogi\/teemat\/","name":"Teemat - Silja Ker\u00e4nen","isPartOf":{"@id":"https:\/\/siljakeranen.fi\/blogi\/#website"},"primaryImageOfPage":{"@id":"https:\/\/siljakeranen.fi\/blogi\/teemat\/#primaryimage"},"image":{"@id":"https:\/\/siljakeranen.fi\/blogi\/teemat\/#primaryimage"},"thumbnailUrl":"https:\/\/siljakeranen.fi\/blogi\/wp-content\/uploads\/2022\/12\/3L3A9919-e1672230586347.jpg","datePublished":"2023-01-01T13:34:18+00:00","dateModified":"2025-11-14T12:03:32+00:00","description":"Silja Ker\u00e4nen - Eduskuntavaaliteemat: turvallinen lapsuus, monimuotoinen luonto, osaava kansakunta, kest\u00e4v\u00e4 talous, hyvinvoivat ihmiset ja menestyv\u00e4t alueet","breadcrumb":{"@id":"https:\/\/siljakeranen.fi\/blogi\/teemat\/#breadcrumb"},"inLanguage":"fi","potentialAction":[{"@type":"ReadAction","target":["https:\/\/siljakeranen.fi\/blogi\/teemat\/"]}]},{"@type":"ImageObject","inLanguage":"fi","@id":"https:\/\/siljakeranen.fi\/blogi\/teemat\/#primaryimage","url":"https:\/\/siljakeranen.fi\/blogi\/wp-content\/uploads\/2022\/12\/3L3A9919-e1672230586347.jpg","contentUrl":"https:\/\/siljakeranen.fi\/blogi\/wp-content\/uploads\/2022\/12\/3L3A9919-e1672230586347.jpg","width":2012,"height":1203,"caption":"Silja Ker\u00e4nen"},{"@type":"BreadcrumbList","@id":"https:\/\/siljakeranen.fi\/blogi\/teemat\/#breadcrumb","itemListElement":[{"@type":"ListItem","position":1,"name":"Etusivu","item":"https:\/\/siljakeranen.fi\/blogi\/"},{"@type":"ListItem","position":2,"name":"Teemat"}]},{"@type":"WebSite","@id":"https:\/\/siljakeranen.fi\/blogi\/#website","url":"https:\/\/siljakeranen.fi\/blogi\/","name":"Silja Ker\u00e4nen","description":"Silja Ker\u00e4nen, kainuulainen vihre\u00e4 poliitikko","publisher":{"@id":"https:\/\/siljakeranen.fi\/blogi\/#\/schema\/person\/d43605ef0d5681c1b27a4ba1fede1cf4"},"potentialAction":[{"@type":"SearchAction","target":{"@type":"EntryPoint","urlTemplate":"https:\/\/siljakeranen.fi\/blogi\/?s={search_term_string}"},"query-input":{"@type":"PropertyValueSpecification","valueRequired":true,"valueName":"search_term_string"}}],"inLanguage":"fi"},{"@type":["Person","Organization"],"@id":"https:\/\/siljakeranen.fi\/blogi\/#\/schema\/person\/d43605ef0d5681c1b27a4ba1fede1cf4","name":"Silja","image":{"@type":"ImageObject","inLanguage":"fi","@id":"https:\/\/siljakeranen.fi\/blogi\/wp-content\/uploads\/2023\/01\/cropped-silja_250x100.png","url":"https:\/\/siljakeranen.fi\/blogi\/wp-content\/uploads\/2023\/01\/cropped-silja_250x100.png","contentUrl":"https:\/\/siljakeranen.fi\/blogi\/wp-content\/uploads\/2023\/01\/cropped-silja_250x100.png","width":250,"height":100,"caption":"Silja"},"logo":{"@id":"https:\/\/siljakeranen.fi\/blogi\/wp-content\/uploads\/2023\/01\/cropped-silja_250x100.png"},"sameAs":["http:\/\/www.siljakeranen.fi","https:\/\/www.facebook.com\/siljamkeranen","https:\/\/www.instagram.com\/siljakeranen\/","https:\/\/www.linkedin.com\/in\/silja-kernen-4331b548\/","https:\/\/x.com\/https:\/\/twitter.com\/SiljaMP","https:\/\/www.youtube.com\/channel\/UC0MWeuoWP4-Mjs1z8pIv3GQ","https:\/\/fi.wikipedia.org\/wiki\/Silja_Kernen"]}]}},"_links":{"self":[{"href":"https:\/\/siljakeranen.fi\/blogi\/wp-json\/wp\/v2\/pages\/2523","targetHints":{"allow":["GET"]}}],"collection":[{"href":"https:\/\/siljakeranen.fi\/blogi\/wp-json\/wp\/v2\/pages"}],"about":[{"href":"https:\/\/siljakeranen.fi\/blogi\/wp-json\/wp\/v2\/types\/page"}],"author":[{"embeddable":true,"href":"https:\/\/siljakeranen.fi\/blogi\/wp-json\/wp\/v2\/users\/1"}],"replies":[{"embeddable":true,"href":"https:\/\/siljakeranen.fi\/blogi\/wp-json\/wp\/v2\/comments?post=2523"}],"version-history":[{"count":21,"href":"https:\/\/siljakeranen.fi\/blogi\/wp-json\/wp\/v2\/pages\/2523\/revisions"}],"predecessor-version":[{"id":3136,"href":"https:\/\/siljakeranen.fi\/blogi\/wp-json\/wp\/v2\/pages\/2523\/revisions\/3136"}],"wp:featuredmedia":[{"embeddable":true,"href":"https:\/\/siljakeranen.fi\/blogi\/wp-json\/wp\/v2\/media\/2505"}],"wp:attachment":[{"href":"https:\/\/siljakeranen.fi\/blogi\/wp-json\/wp\/v2\/media?parent=2523"}],"curies":[{"name":"wp","href":"https:\/\/api.w.org\/{rel}","templated":true}]}}